
{"id":6324,"date":"2022-07-25T18:44:45","date_gmt":"2022-07-25T16:44:45","guid":{"rendered":"https:\/\/przedszkole54.edu.wroclaw.pl\/?page_id=6324"},"modified":"2022-07-25T18:44:45","modified_gmt":"2022-07-25T16:44:45","slug":"archiwum-2019-2020","status":"publish","type":"page","link":"https:\/\/przedszkole54.edu.wroclaw.pl\/index.php\/aktualnosci\/archiwum\/archiwum-2019-2020\/","title":{"rendered":"Archiwum 2019\/2020"},"content":{"rendered":"<div class=\"wpb-content-wrapper\"><p>[vc_row][vc_column width=&#8221;1\/4&#8243;][\/vc_column][vc_column width=&#8221;1\/2&#8243;][vc_column_text]<\/p>\n<p style=\"text-align: center\"><span style=\"color: #ff0000;font-family: Arial, sans-serif;font-size: 14pt\">PRZERWA WAKACYJNA W PRZEDSZKOLU NR 54<\/span><\/p>\n<p style=\"text-align: center\">\u00a0<span style=\"font-size: 15px;color: #000000\">Drodzy Rodzice.<br \/>\n<\/span><span style=\"color: #000000\"><span style=\"font-size: 15px\">W zwi\u0105zku z ograniczeniem funkcjonowania naszego przedszkola z powodu obecnej sytuacji epidemicznej, d\u0142ugo\u015b\u0107 przerwy wakacyjnej naszej plac\u00f3wki zosta\u0142a w tym roku wyj\u0105tkowo\u00a0<\/span><\/span><span style=\"color: #ff0000;font-family: Arial, sans-serif;font-size: 15px\">skr\u00f3cona\u00a0<\/span><span style=\"color: #000000\"><span style=\"font-size: 15px\">\u2013 z<\/span><\/span><span style=\"color: #000000;font-size: 15px\">\u00a0miesi\u0105ca do 2 tygodni.\u00a0<\/span><span style=\"color: #000000;font-size: 15px\">Jednak\u017ce, aby zsynchronizowa\u0107 dzia\u0142alno\u015b\u0107 wszystkich przedszkoli w czasie wakacji, termin tej przerwy uleg\u0142 zmianie:<\/span><\/p>\n<p style=\"text-align: center\"><span style=\"color: #ff0000;font-family: Arial, sans-serif;font-size: 16px\">Przedszkole nr 54 b\u0119dzie nieczynne w dniach 6\u201317 lipca 2020 r.<\/span><\/p>\n<p style=\"text-align: center\"><span style=\"color: #000000\"><span style=\"font-size: 15px\">Wszyscy rodzice otrzymali mailem formularz\u00a0<\/span><\/span><span style=\"color: #ff0000;font-family: Arial, sans-serif\"><span style=\"font-size: 15px\">deklaracji korzystania z naszego przedszkola w okresie wakacyjnym<\/span><\/span><span style=\"font-size: 15px;color: #000000\">.<br \/>\n<\/span><span style=\"color: #000000;font-size: 15px\">Bardzo prosimy o wype\u0142nienie deklaracji, wydrukowanie i podpisanie jej, a nast\u0119pnie odes\u0142anie w formie skanu lub zdj\u0119cia na adres:<br \/>\n<\/span><span style=\"color: #000000;font-size: 15px\">sekretariat.p054@wroclawskaedukacja.pl<br \/>\n<\/span><span style=\"color: #ff0000;font-family: Arial, sans-serif;font-size: 15px\">do dnia 29 maja 2020 r<\/span><span style=\"font-size: 15px;color: #000000\">.<br \/>\n<\/span><span style=\"color: #ff0000;font-family: Arial, sans-serif;font-size: 22px\"><span style=\"color: #bdc3c7;font-size: 14.6667px\">_________________________________________________________________<\/span><\/span><\/p>\n<p style=\"text-align: center\"><span style=\"color: #00d800;font-family: Arial, sans-serif;font-size: 14pt\">POLA NADZIEI<\/span><\/p>\n<p style=\"text-align: center\"><span style=\"color: #808080;font-family: Arial, sans-serif\"><span style=\"font-size: 14.6667px\">Drodzy Rodzice.<br \/>\nCo roku w kwietniu odbywa si\u0119 w naszym przedszkolu\u00a0<\/span><\/span><span style=\"color: #808080;font-size: 14.6667px\">kwesta\u00a0<\/span><span style=\"color: #808080;font-size: 14.6667px\">na rzecz pacjent\u00f3w<br \/>\n<\/span><span style=\"color: #00c1ff;font-family: Arial, sans-serif;font-size: 18px\">Wroc\u0142awskiego Hospicjum dla Dzieci<\/span><span style=\"color: #808080;font-size: 14.6667px\"><br \/>\n<\/span><span style=\"color: #808080;font-size: 14.6667px\">w ramach og\u00f3lno\u015bwiatowej akcji charytatywnej<br \/>\n<\/span><span style=\"color: #00d800;font-family: Arial, sans-serif;font-size: 18px\"><span style=\"color: #ffd800\">Pola Nadziei<\/span><\/span><span style=\"font-size: 14.6667px;color: #808080;font-family: Arial, sans-serif\">.<\/span><\/p>\n<p style=\"text-align: center\"><span style=\"font-size: 14.6667px;color: #808080;font-family: Arial, sans-serif\">W tym roku akcja nie mo\u017ce si\u0119 odby\u0107 w tradycyjny spos\u00f3b,<br \/>\n<\/span><span style=\"font-size: 14.6667px;color: #808080;font-family: Arial, sans-serif\">jednak, aby umo\u017cliwi\u0107 dalsze wsparcie,\u00a0<\/span><span style=\"font-size: 14.6667px;color: #808080;font-family: Arial, sans-serif\">Fundacja\u00a0<\/span><span style=\"color: #808080;font-family: Arial, sans-serif;font-size: 14.6667px\">zorganizowa\u0142a zbi\u00f3rk\u0119 wirtualn\u0105.<\/span><span style=\"color: #808080;font-family: Arial, sans-serif;font-size: 14.6667px\"><br \/>\n<\/span><\/p>\n<p style=\"text-align: center\"><span style=\"color: #808080;font-family: Arial, sans-serif;font-size: 14.6667px\"><span style=\"font-family: Tahoma, Helvetica, Arial, sans-serif\">Wszystkie dzieci i rodzic\u00f3w serdecznie zach\u0119camy do udzia\u0142u w akcji w jeden z poni\u017cszych sposob\u00f3w:<\/span><\/span><\/p>\n<p style=\"text-align: center\"><span style=\"color: #808080;font-family: Arial, sans-serif\"><span style=\"font-size: 14.6667px\"><span style=\"color: #00d800;font-size: 16px\">Zbi\u00f3rka na Facebooku<br \/>\n<\/span><a href=\"https:\/\/www.facebook.com\/donate\/216301652961106\/\" target=\"blank\" rel=\"noopener\"><span style=\"font-family: Tahoma, Helvetica, Arial, sans-serif;color: #00c1ff\">Wirtualne POLA NADZIEI \u2013\u00a0realna pomoc dla Dzieci z domowego hospicjum<\/span><\/a><\/span><\/span><\/p>\n<p style=\"text-align: center\"><span style=\"color: #00d800;font-family: Arial, sans-serif;font-size: 16px\">Przelew tradycyjny<br \/>\n<\/span><span style=\"color: #808080;font-family: Arial, sans-serif;font-size: 14.6667px\">na numer konta:\u00a0<\/span><span style=\"font-family: Tahoma, Helvetica, Arial, sans-serif;color: #00c1ff;font-size: 14px\">69 1140 1140 0000 2052 8800 1001\u00a0<\/span><span style=\"color: #808080;font-family: Arial, sans-serif;font-size: 14.6667px\">(PLN) tytu\u0142em: POLA NADZIEI 2020<\/span><\/p>\n<p style=\"text-align: center\"><span style=\"color: #00d800;font-family: Arial, sans-serif\"><span style=\"font-size: 16px\">Bramka PayU<br \/>\n<\/span><\/span><span style=\"color: #808080;font-family: Arial, sans-serif;font-size: 14.6667px\">na stronie:\u00a0<\/span><a style=\"font-family: Arial, sans-serif\" href=\"https:\/\/hospicjum.wroc.pl\/przelew-on-line\" target=\"blank\" rel=\"noopener\"><span style=\"color: #00c1ff;font-family: Arial, sans-serif;font-size: 14.6667px\">https:\/\/hospicjum.wroc.pl\/przelew-on-line<\/span><\/a>.<\/p>\n<p style=\"text-align: center\"><span style=\"color: #808080;font-family: Arial, sans-serif\"><span style=\"font-size: 14.6667px\">W ramach dzia\u0142a\u0144 akcji Pola Nadziei, Fundacja organizuje r\u00f3wnie\u017c<br \/>\n<span style=\"font-family: Tahoma, Helvetica, Arial, sans-serif;color: #ffd800;font-size: 16px\">konkurs literacki i rysunkowy<\/span>.<br \/>\n<\/span><\/span><span style=\"font-size: 14.6667px;color: #808080;font-family: Arial, sans-serif\">Regulaminy konkurs\u00f3w i szczeg\u00f3\u0142owe informacje dost\u0119pne s\u0105 na stronie:<br \/>\n<a href=\"https:\/\/hospicjum.wroc.pl\/pola-nadziei\" target=\"blank\" rel=\"noopener\"><span style=\"color: #00c1ff;font-family: Arial, sans-serif;font-size: 14.6667px\">https:\/\/hospicjum.wroc.pl\/pola-nadziei<\/span><\/a><span style=\"color: #333333;font-family: Tahoma, Helvetica, Arial, sans-serif;font-size: 12.16px\">.<\/span><\/span><\/p>\n<p style=\"text-align: center\"><span style=\"font-size: 14.6667px;color: #00d800\"><em>Mamy nadziej\u0119, \u017ce dzi\u0119ki waszej pomocy uda si\u0119 nam zrobi\u0107 to w czym jeste\u015bmy najlepsi.<br \/>\nNie\u015b\u0107 wsparcie przewlekle i nieuleczalnie chorym dzieciom z terenu Dolnego \u015al\u0105ska.<br \/>\n<span style=\"color: #808080;font-family: Arial, sans-serif\">Fundacja\u00a0Wroc\u0142awskie Hospicjum dla Dzieci<\/span><\/em><\/span><\/p>\n<p style=\"text-align: center\"><span style=\"color: #808080;font-size: 14.6667px\">Symbolem akcji Pola Nadziei jest \u017c\u00f3\u0142ty \u017conkil\u00a0\u2013 symbol walki \u017cycia ze \u015bmierci\u0105.<br \/>\n<\/span><span style=\"color: #808080;font-size: 14.6667px\">A tak kwitn\u0105 \u017conkile w naszym przedszkolnym ogr\u00f3dku, zasadzone w ramach akcji\u00a0<\/span><span style=\"color: #808080;font-size: 14.6667px\">przez dzieci<\/span><span style=\"color: #808080;font-size: 14.6667px\">:<br \/>\n<\/span><span style=\"color: #ff0000;font-family: Arial, sans-serif;font-size: 22px\"><span style=\"color: #bdc3c7;font-size: 14.6667px\">_________________________________________________________________<\/span><\/span><\/p>\n<p style=\"text-align: center\"><span style=\"color: #ff0000;font-family: arial, helvetica, sans-serif;font-size: 14pt\">\u017bYCZENIA \u015aWI\u0104TECZNE<\/span><\/p>\n<p style=\"text-align: center\"><span style=\"color: #808080;font-size: 15px\">Spokojnych \u015awi\u0105t Wielkanocnych,<br \/>\npe\u0142nych zdrowia, mi\u0142o\u015bci i rado\u015bci w gronie najbli\u017cszych,<br \/>\n\u017cyczy Dyrekcja i Kadra Przedszkola nr 54<br \/>\n&#8222;Pod Kasztanami&#8221;<\/span><br \/>\n<span style=\"color: #bdc3c7;font-family: Arial, sans-serif;font-size: 14.6667px\">_________________________________________________________________<\/span><\/p>\n<p style=\"text-align: center\"><span style=\"font-size: 14.6667px;color: #808080\">Drodzy Rodzice.<br \/>\n<\/span><span style=\"color: #808080;font-size: 14.6667px\">Zach\u0119camy do przekazania 1% podatku na rzecz naszego przedszkola.<br \/>\n<\/span><span style=\"color: #ff0000;font-family: Arial, sans-serif\"><span style=\"font-size: 20px\"><span style=\"color: #808080;font-family: Tahoma, Helvetica, Arial, sans-serif;font-size: 14.6667px\">W deklaracji PIT wystarczy poda\u0107\u00a0<\/span><\/span><\/span><strong><span style=\"color: #000000;font-family: Arial, sans-serif;font-size: 14.6667px\">numer KRS<\/span><\/strong><span style=\"font-size: 14.6667px;color: #808080\">\u00a0Fundacji &#8222;Strachota&#8221;<br \/>\n<\/span><span style=\"color: #ff0000;font-family: Arial, sans-serif\"><span style=\"font-size: 20px\"><span style=\"color: #808080;font-family: Tahoma, Helvetica, Arial, sans-serif;font-size: 14.6667px\">(<\/span><\/span><\/span><span style=\"color: #808080;font-size: 14.6667px\">organizacji po\u017cytku publicznego, z kt\u00f3r\u0105 wsp\u00f3\u0142pracujemy)<\/span><span style=\"font-size: 14.6667px;color: #808080\">:\u00a0<\/span><strong><span style=\"color: #000000;font-family: Arial, sans-serif;font-size: 14.6667px\">0000224647<br \/>\n<\/span><\/strong><span style=\"font-size: 14.6667px;color: #808080\">oraz wyliczon\u0105 kwot\u0119 do przekazania (1% podatku),<br \/>\n<\/span><span style=\"font-size: 14.6667px;color: #808080\">a w rubryce\u00a0<\/span><strong><span style=\"color: #000000;font-family: Arial, sans-serif;font-size: 14.6667px\">&#8222;Cel szczeg\u00f3\u0142owy&#8221;<\/span><\/strong><span style=\"font-size: 14.6667px;color: #808080\">\u00a0koniecznie wpisa\u0107:\u00a0<\/span><strong><span style=\"color: #000000;font-family: Arial, sans-serif;font-size: 14.6667px\">PRZEDSZKOLE NR 54<\/span><\/strong><span style=\"font-size: 14.6667px;color: #808080\">.<\/span><\/p>\n<p style=\"text-align: center\"><span style=\"color: #ff0000;font-family: Arial, sans-serif\"><span style=\"font-size: 20px\"><span style=\"color: #808080;font-family: Tahoma, Helvetica, Arial, sans-serif;font-size: 14.6667px\">Uzyskane \u015brodku zostan\u0105 przekazane na doposa\u017cenie naszego przedszkola.<br \/>\nSerdecznie dzi\u0119kujemy!<br \/>\n<\/span><\/span><\/span><span style=\"color: #bdc3c7;font-family: Arial, sans-serif;font-size: 14.6667px\">_________________________________________________________________<\/span><\/p>\n<p style=\"text-align: center\"><span style=\"font-size: 14pt\"><span style=\"color: #ff0000;font-family: Arial, sans-serif\">WYCIECZKA DO PLANETARIUM DLA GRUPY III<br \/>\n<\/span><span style=\"color: #ff0000;font-family: Arial, sans-serif\">ORAZ SPOTKANIE Z POLICJANTAMI<br \/>\n<\/span><span style=\"color: #ff0000;font-family: Arial, sans-serif\">ODB\u0118D\u0104 SI\u0118 W INNYM TERMINIE<br \/>\n<\/span><\/span><span style=\"color: #ff0000;font-family: Arial, sans-serif;font-size: 22px\"><span style=\"color: #bdc3c7;font-size: 14.6667px\">_________________________________________________________________<\/span><\/span><\/p>\n<p style=\"text-align: center\"><span style=\"font-size: 14pt\"><span style=\"color: #009bff;font-family: Arial, sans-serif\">WYCIECZKA DO PLANETARIUM<br \/>\n<\/span><span style=\"color: #009bff;font-family: Arial, sans-serif\">GRUPA III<\/span><\/span><\/p>\n<p style=\"text-align: center\"><span style=\"color: #808080;font-family: Tahoma, Helvetica, Arial, sans-serif;font-size: 14.6667px\">W pi\u0105tek<\/span><span style=\"color: #00c95b;font-family: Arial, sans-serif;font-size: 18px\">\u00a013 marca <span style=\"color: #808080;font-family: Tahoma, Helvetica, Arial, sans-serif;font-size: 14.6667px\">dzieci z grupy III<br \/>\n<\/span><span style=\"color: #808080;font-family: Tahoma, Helvetica, Arial, sans-serif;font-size: 14.6667px\">wezm\u0105 udzia\u0142 w wycieczce do Planetarium.<\/span><\/span><span style=\"color: #00c95b;font-family: Arial, sans-serif;font-size: 18px\"><br \/>\n<\/span><span style=\"color: #808080;font-size: 14.6667px\">Wyj\u015bcie odb\u0119dzie si\u0119 w godzinach 10:30\u201312:30.<\/span><\/p>\n<p style=\"text-align: center\"><span style=\"color: #808080;font-size: 14.6667px\">W programie pokaz planetaryjny<br \/>\n<span style=\"color: #009bff;font-family: Arial, sans-serif;font-size: 20px\">Sp\u00f3jrzmy w niebo<\/span><\/span><span style=\"color: #808080;font-size: 14.6667px\">.<\/span><\/p>\n<p style=\"text-align: center\"><span style=\"color: #808080;font-size: 14.6667px\">Koszt: 10 z\u0142 \/ dziecko.<br \/>\n<\/span><span style=\"color: #808080;font-size: 14.6667px\">Prosimy o wp\u0142aty do skarbnika grupy.<br \/>\n<\/span><span style=\"color: #bdc3c7;font-family: Arial, sans-serif;font-size: 14.6667px\">_________________________________________________________________<\/span><\/p>\n<p style=\"text-align: center\"><span style=\"color: #314c99;font-family: Arial, sans-serif;font-size: 14pt\">SPOTKANIE Z POLICJANTAMI<\/span><\/p>\n<p style=\"text-align: center\"><span style=\"color: #808080;font-family: Tahoma, Helvetica, Arial, sans-serif;font-size: 14.6667px\">W czwartek<\/span><span style=\"color: #808080;font-size: 14.6667px\">\u00a0<\/span><span style=\"color: #00b45a;font-family: Arial, sans-serif;font-size: 18px\">12 marca\u00a0<\/span><span style=\"color: #808080;font-size: 14.6667px\">w godzinach<\/span><span style=\"color: #808080;font-size: 14.6667px\">\u00a0<\/span><span style=\"color: #808080;font-size: 14.6667px\">10:00\u201311:00<br \/>\n<\/span><span style=\"color: #808080;font-size: 14.6667px\">dzieci z wszystkich grup wezm\u0105 udzia\u0142 w spotkaniu<br \/>\n<\/span><span style=\"color: #808080;font-size: 14.6667px\">z funkcjonariuszami Policji.<\/span><\/p>\n<p style=\"text-align: center\"><span style=\"color: #808080;font-size: 14.6667px\">Temat:\u00a0<\/span><span style=\"color: #00b45a;font-family: Arial, sans-serif;font-size: 18px\">Bezpieczny przedszkolak<br \/>\n<\/span><span style=\"color: #808080;font-size: 14.6667px\"><span style=\"color: #bdc3c7;font-family: Arial, sans-serif\">_________________________________________________________________<\/span><\/span><\/p>\n<p style=\"text-align: center\"><span style=\"color: #ff0000;font-family: Arial, sans-serif;font-size: 14pt\">REKRUTACJA<\/span><\/p>\n<p style=\"text-align: center\"><span style=\"color: #000000;font-family: Arial, sans-serif;font-size: 14.6667px\"><strong>Od 12 marca<\/strong>\u00a0<\/span><span style=\"color: #000000;font-family: Arial, sans-serif;font-size: 14.6667px\">\u2013 do szk\u00f3\u0142 podstawowych<br \/>\n<\/span><span style=\"color: #000000;font-family: Arial, sans-serif;font-size: 14.6667px\"><strong>Od 20 marca<\/strong>\u00a0<\/span><span style=\"color: #000000;font-family: Arial, sans-serif;font-size: 14.6667px\">\u2013 do przedszkoli i\u00a0<\/span><span style=\"color: #000000;font-family: Arial, sans-serif;font-size: 14.6667px\">oddzia\u0142\u00f3w przedszkolnych<\/span><\/p>\n<p style=\"text-align: center\"><span style=\"color: #000000;font-family: Arial, sans-serif;font-size: 14.6667px\"><strong>System elektronicznej rekrutacji<\/strong>\u00a0b\u0119dzie\u00a0<\/span><span style=\"color: #000000;font-family: Arial, sans-serif;font-size: 14.6667px\">dost\u0119pny<\/span><span style=\"color: #000000;font-family: Arial, sans-serif;font-size: 14.6667px\">\u00a0<\/span><span style=\"color: #000000;font-family: Arial, sans-serif;font-size: 14.6667px\">pod adresem:<br \/>\n<\/span><span style=\"color: #000000;font-family: Arial, sans-serif;font-size: 14.6667px\"><a href=\"https:\/\/rekrutacje.edu.wroclaw.pl\/\" target=\"blank\" rel=\"noopener\"><span style=\"color: #ff0000;font-family: Arial, sans-serif;font-size: 14.6667px\">rekrutacje.edu.wroclaw.pl<\/span><\/a><br \/>\n<\/span><span style=\"color: #000000;font-family: Arial, sans-serif;font-size: 14.6667px\">w dniu uruchomienia rekrutacji do szk\u00f3\u0142 podstawowych, tj. 12 marca 2020 r.<\/span><\/p>\n<p style=\"text-align: center\"><span style=\"color: #000000;font-family: Arial, sans-serif;font-size: 14.6667px\"><strong>Informacje na temat rekrutacji mo\u017cna uzyska\u0107 na stronie:<\/strong><\/span><\/p>\n<p style=\"text-align: center\"><span style=\"color: #808080;font-family: Arial, sans-serif\"><span style=\"font-size: 14.6667px\"><span style=\"color: #000000;font-size: 14.6667px\">Rodzice,\u00a0<\/span><\/span><\/span><span style=\"font-size: 12.16px;color: #000000;font-family: Arial, sans-serif\"><span style=\"font-size: 14.6667px\">kt\u00f3rzy decyduj\u0105 si\u0119 na\u00a0<strong>kontynuowanie<\/strong>\u00a0przez ich dziecko<br \/>\nucz\u0119szczania do Przedszkola nr 54 w roku szkolnym 2020\/2021,<br \/>\n<strong>podpisuj\u0105 wol\u0119 kontynuacji<\/strong>\u00a0w dniach 05\u201312.03.2020 r.<br \/>\nRodzice, kt\u00f3rzy chc\u0105\u00a0<strong>zrezygnowa\u0107<\/strong>\u00a0z Przedszkola nr 54,<br \/>\n<strong>nie podpisuj\u0105<\/strong>\u00a0woli kontynuacji.<br \/>\n<strong>Has\u0142a dost\u0119pu<\/strong>\u00a0do indywidualnych kont dla dzieci, kt\u00f3re\u00a0<strong>rezygnuj\u0105<\/strong><br \/>\nz przedszkola b\u0119d\u0105 wydawane w dniach\u00a0<strong>18\u201319.03.2020 r<\/strong>.<br \/>\nHas\u0142a dla dzieci, kt\u00f3re od 01.09.2020 r. b\u0119d\u0105\u00a0<strong>uczniami klas 1<\/strong>,<br \/>\n<\/span><\/span><span style=\"font-size: 14.6667px;color: #000000;font-family: Arial, sans-serif\">b\u0119d\u0105 wydawane w dniu<\/span><span style=\"font-size: 14.6667px;color: #000000;font-family: Arial, sans-serif\">\u00a0<\/span><strong style=\"font-size: 14.6667px;color: #000000;font-family: Arial, sans-serif\">13.03.2020 r<\/strong><span style=\"font-size: 14.6667px;color: #000000;font-family: Arial, sans-serif\">.<br \/>\n<\/span><span style=\"color: #bdc3c7;font-size: 14.6667px\">_________________________________________________________________<\/span><\/p>\n<p style=\"text-align: center\"><span style=\"font-size: 14pt\"><span style=\"color: #ff0000;font-family: Arial, sans-serif\">WOLA KONTYNUACJI<br \/>\n<\/span><span style=\"color: #ff0000;font-family: Arial, sans-serif\">NA ROK 2020\/2021<\/span><\/span><\/p>\n<p style=\"text-align: center\"><span style=\"color: #ff0000;font-family: Arial, sans-serif\"><span style=\"font-size: 20px\"><span style=\"color: #808080;font-family: Tahoma, Helvetica, Arial, sans-serif;font-size: 14.6667px\">Drodzy Rodzice. Prosimy o wype\u0142nienie i podpisanie<br \/>\ndeklaracji woli kontynuacji przedszkola na rok szkolny 2020\/2021.<br \/>\nFormularze s\u0105 dost\u0119pne u nauczycieli grup.<br \/>\nWype\u0142niony formularz nale\u017cy z\u0142o\u017cy\u0107 w Przedszkolu<br \/>\nw dniach<\/span><\/span><\/span><span style=\"color: #ff0000;font-family: Arial, sans-serif\"><span style=\"font-size: 20px\"><span style=\"color: #808080;font-family: Tahoma, Helvetica, Arial, sans-serif;font-size: 14.6667px\">\u00a0<\/span><\/span><\/span><span style=\"color: #ff0000;font-family: Arial, sans-serif;font-size: 18px\">5\u201312 marca 2020 r.<br \/>\n<\/span><span style=\"color: #808080;font-size: 14.6667px\">w godzinach pracy plac\u00f3wki.<br \/>\n<\/span><span style=\"color: #bdc3c7;font-family: Arial, sans-serif;font-size: 14.6667px\">_________________________________________________________________<\/span><\/p>\n<p style=\"text-align: center\"><span style=\"font-size: 14pt\"><span style=\"color: #314c99;font-family: Arial, sans-serif\">DRZWI OTWARTE W SP 66<br \/>\n<\/span><span style=\"color: #314c99;font-family: Arial, sans-serif\">GRUPA III<\/span><\/span><\/p>\n<p style=\"text-align: center\"><span style=\"color: #808080;font-family: Tahoma, Helvetica, Arial, sans-serif;font-size: 14.6667px\">We wtorek<\/span><span style=\"color: #00b45a;font-family: Arial, sans-serif;font-size: 18px\">\u00a010 marca <\/span><span style=\"color: #808080;font-size: 14.6667px\">po \u015bniadaniu<br \/>\ndzieci z grupy III\u00a0<\/span><span style=\"color: #808080;font-size: 14.6667px\">p\u00f3jd\u0105 do Szko\u0142y Podstawowej nr 66<br \/>\n<\/span><span style=\"color: #808080;font-size: 14.6667px\">na &#8222;Drzwi Otwarte&#8221;.<\/span><\/p>\n<p style=\"text-align: center\"><span style=\"color: #808080;font-size: 14.6667px\">\u015aniadanie w tym dniu b\u0119dzie o godzinie\u00a0<\/span><span style=\"color: #00b45a;font-family: Arial, sans-serif;font-size: 18px\">8:30<\/span><span style=\"color: #808080;font-size: 14.6667px\">,<br \/>\n<\/span><span style=\"color: #808080;font-size: 14.6667px\">wyj\u015bcie o godzinie\u00a0<\/span><span style=\"color: #808080;font-size: 14.6667px\"><span style=\"color: #00b45a;font-family: Arial, sans-serif;font-size: 18px\">9:00<\/span>.<br \/>\n<\/span><span style=\"color: #bdc3c7;font-family: Arial, sans-serif;font-size: 14.6667px\">_________________________________________________________________<\/span><\/p>\n<p style=\"text-align: center\"><span style=\"color: #ff0000;font-family: Arial, sans-serif;font-size: 14pt\">ODBI\u00d3R ZDJ\u0118\u0106<\/span><\/p>\n<p style=\"text-align: center\"><span style=\"color: #ff0000;font-family: Arial, sans-serif\"><span style=\"font-size: 20px\"><span style=\"color: #808080;font-family: Tahoma, Helvetica, Arial, sans-serif;font-size: 14.6667px\">We wtorek<\/span><\/span><\/span><span style=\"color: #ff9700;font-family: Arial, sans-serif;font-size: 18px\">\u00a03 marca<\/span><span style=\"color: #ff0000;font-family: Arial, sans-serif;font-size: 18px\">\u00a0<\/span><span style=\"color: #808080;font-size: 14.6667px\">w godzinach\u00a0<\/span><span style=\"color: #ff9700;font-family: Arial, sans-serif;font-size: 18px\">14:30<\/span><span style=\"color: #ff9700;font-family: Arial, sans-serif\"><span style=\"font-size: 18px\">\u2013<\/span><\/span><span style=\"color: #ff9700;font-family: Arial, sans-serif;font-size: 18px\">17:00<br \/>\n<\/span><span style=\"color: #808080;font-size: 14.6667px\"><span style=\"color: #808080;font-size: 14.6667px\">w holu przedszkola\u00a0<\/span><span style=\"color: #808080;font-size: 14.6667px\">b\u0119dzie mo\u017cna\u00a0odebra\u0107 od fotografa<br \/>\nzdj\u0119cia z sesji karnawa\u0142owej<\/span><span style=\"color: #808080;font-size: 14.6667px\">.<\/span><br \/>\n<\/span><\/p>\n<p style=\"text-align: center\"><span style=\"color: #808080;font-size: 14.6667px\">Zainteresowanych rodzic\u00f3w prosimy o przygotowanie got\u00f3wki.<br \/>\n<\/span><span style=\"color: #bdc3c7;font-family: Arial, sans-serif;font-size: 14.6667px\">_________________________________________________________________<\/span><\/p>\n<p style=\"text-align: center\"><span style=\"font-size: 14pt\"><span style=\"color: #314c99;font-family: Arial, sans-serif\">DRZWI OTWARTE W SP 91<br \/>\n<\/span><span style=\"color: #314c99;font-family: Arial, sans-serif\">GRUPA III<\/span><\/span><\/p>\n<p style=\"text-align: center\"><span style=\"color: #808080;font-family: Tahoma, Helvetica, Arial, sans-serif;font-size: 14.6667px\">We wtorek<\/span><span style=\"color: #00b45a;font-family: Arial, sans-serif;font-size: 18px\">\u00a03 marca <\/span><span style=\"color: #808080;font-size: 14.6667px\">po \u015bniadaniu<br \/>\ndzieci z grupy III\u00a0<\/span><span style=\"color: #808080;font-size: 14.6667px\">pojad\u0105 do Szko\u0142y Podstawowej nr 91<br \/>\n<\/span><span style=\"color: #808080;font-size: 14.6667px\">na &#8222;Drzwi Otwarte&#8221;.<\/span><\/p>\n<p style=\"text-align: center\"><span style=\"color: #808080;font-size: 14.6667px\">\u015aniadanie w tym dniu b\u0119dzie o godzinie\u00a0<\/span><span style=\"color: #00b45a;font-family: Arial, sans-serif;font-size: 18px\">8:30<\/span><span style=\"color: #808080;font-size: 14.6667px\">,<br \/>\n<\/span><span style=\"color: #808080;font-size: 14.6667px\">wyj\u015bcie o godzinie\u00a0<\/span><span style=\"color: #808080;font-size: 14.6667px\"><span style=\"color: #00b45a;font-family: Arial, sans-serif;font-size: 18px\">9:00<\/span>.<br \/>\n<\/span><span style=\"color: #bdc3c7;font-family: Arial, sans-serif;font-size: 14.6667px\">_________________________________________________________________<\/span><\/p>\n<p style=\"text-align: center\"><span style=\"font-size: 14pt\"><span style=\"color: #009bff;font-family: Arial, sans-serif\">WYCIECZKA DO PLANETARIUM<br \/>\n<\/span><span style=\"color: #009bff;font-family: Arial, sans-serif\">GRUPA II<\/span><\/span><\/p>\n<p style=\"text-align: center\"><span style=\"color: #808080;font-family: Tahoma, Helvetica, Arial, sans-serif;font-size: 14.6667px\">W poniedzia\u0142ek<\/span><span style=\"color: #00c95b;font-family: Arial, sans-serif;font-size: 18px\">\u00a02 marca <span style=\"color: #808080;font-family: Tahoma, Helvetica, Arial, sans-serif;font-size: 14.6667px\">dzieci z grupy II<br \/>\n<\/span><span style=\"color: #808080;font-family: Tahoma, Helvetica, Arial, sans-serif;font-size: 14.6667px\">wezm\u0105 udzia\u0142 w wycieczce do Planetarium.<\/span><\/span><span style=\"color: #00c95b;font-family: Arial, sans-serif;font-size: 18px\"><br \/>\n<\/span><span style=\"color: #808080;font-size: 14.6667px\">Wyj\u015bcie odb\u0119dzie si\u0119 w godzinach 10:30\u201312:00.<\/span><\/p>\n<p style=\"text-align: center\"><span style=\"color: #808080;font-size: 14.6667px\">W programie pokaz planetaryjny<br \/>\n<span style=\"color: #009bff;font-family: Arial, sans-serif;font-size: 20px\">Sp\u00f3jrzmy w niebo<\/span><\/span><span style=\"color: #808080;font-size: 14.6667px\">.<\/span><\/p>\n<p style=\"text-align: center\"><span style=\"color: #808080;font-size: 14.6667px\">Koszt: 10 z\u0142 \/ dziecko.<br \/>\n<\/span><span style=\"color: #808080;font-size: 14.6667px\">Prosimy o wp\u0142aty do skarbnika grupy do poniedzia\u0142ku 2 marca.<br \/>\n<\/span><span style=\"color: #bdc3c7;font-family: Arial, sans-serif;font-size: 14.6667px\">_________________________________________________________________<\/span><\/p>\n<p style=\"text-align: center\"><span style=\"color: #049d00;font-family: Arial, sans-serif;font-size: 14pt\">SPACER &#8222;W POSZUKIWANIU WIOSNY&#8221;<br \/>\nGRUPA II i III<\/span><\/p>\n<p style=\"text-align: center\"><span style=\"color: #808080;font-size: 14.6667px\">W pi\u0105tek<\/span><span style=\"color: #808080;font-size: 14.6667px\"><span style=\"color: #a2bf00;font-family: Arial, sans-serif;font-size: 18px\">\u00a028 lutego<\/span>\u00a0w godzinach\u00a0<\/span><span style=\"color: #a2bf00;font-family: Arial, sans-serif\"><span style=\"font-size: 18px\">12:30\u201314:00<br \/>\n<\/span><\/span><span style=\"color: #808080;font-size: 14.6667px\"><span style=\"color: #808080\"><span style=\"font-size: 14.6667px\">\u00a0dzieci z grup II i III p\u00f3jd\u0105\u00a0<\/span><\/span><span style=\"color: #808080\"><span style=\"font-size: 14.6667px\">na spacer<\/span><\/span><span style=\"font-size: 14.6667px\">\u00a0do Parku D\u0105bskiego<\/span><br \/>\n<span style=\"color: #808080\"><span style=\"font-size: 14.6667px\">w poszukiwaniu pierwszych oznak nadchodz\u0105cej wiosny \ud83d\ude42<br \/>\n<\/span><\/span><\/span><span style=\"color: #ff003e;font-family: Arial, sans-serif;font-size: 22px\"><span style=\"color: #bdc3c7;font-size: 14.6667px\">_________________________________________________________________<\/span><\/span><\/p>\n<p style=\"text-align: center\"><span style=\"color: #ff003e;font-family: Arial, sans-serif;font-size: 14pt\">KONCERT EDUKACYJNY<\/span><\/p>\n<p style=\"text-align: center\"><span style=\"color: #09bb00;font-family: Arial, sans-serif;font-size: 18px\"><span style=\"color: #ff0000;font-family: Arial, sans-serif;font-size: 18px\"><span style=\"color: #808080;font-size: 14.6667px\"><span style=\"vertical-align: inherit\"><span style=\"vertical-align: inherit\">We wtorek<\/span><\/span><\/span><\/span><span style=\"vertical-align: inherit\"><span style=\"vertical-align: inherit\"><span style=\"color: #00b45a\">\u00a025 lutego <\/span><\/span><span style=\"vertical-align: inherit\"><span style=\"color: #808080;font-size: 14.6667px\"><span style=\"vertical-align: inherit\">o godzinie\u00a0<span style=\"color: #00b45a;font-size: 18px\">11:30<\/span><br \/>\n<\/span><\/span><span style=\"color: #808080;font-size: 14.6667px\"><span style=\"vertical-align: inherit\">dzieci z wszystkich grup wezm\u0105 udzia\u0142<br \/>\n<\/span><\/span><span style=\"color: #808080;font-size: 14.6667px\"><span style=\"vertical-align: inherit\">w koncercie edukacyjnym z cyklu<br \/>\n<\/span><\/span><span style=\"color: #ff003e;font-family: Arial, sans-serif;font-size: 20px\"><span style=\"vertical-align: inherit\">Dziadek Bach<\/span><\/span><\/span><\/span><\/span><span style=\"color: #808080;font-family: Arial, sans-serif;font-size: 14.6667px\">.<\/span><\/p>\n<p style=\"text-align: center\"><span style=\"color: #09bb00;font-family: Arial, sans-serif;font-size: 18px\"><span style=\"vertical-align: inherit\"><span style=\"color: #808080;font-size: 14.6667px\"><span style=\"vertical-align: inherit\">Koncert poprowadzi\u00a0<\/span><\/span><span style=\"color: #808080;font-size: 14.6667px\"><span style=\"vertical-align: inherit\">znany wroc\u0142awski\u00a0muzyk,<br \/>\n<\/span><\/span><span style=\"color: #808080;font-size: 14.6667px\"><span style=\"vertical-align: inherit\">tr\u0119bacz i kompozytor\u00a0<\/span><\/span><\/span><\/span><span style=\"color: #00b45a;font-family: Arial, sans-serif;font-size: 18px\">Tadeusz Nestorowicz<\/span><span style=\"color: #808080;font-family: Arial, sans-serif;font-size: 14.6667px\">.<br \/>\n<\/span><span style=\"color: #00c67e;font-family: Arial, sans-serif;font-size: 22px\"><span style=\"color: #bdc3c7;font-size: 14.6667px\">_________________________________________________________________<\/span><\/span><\/p>\n<p style=\"text-align: center\"><span style=\"font-size: 14pt\"><span style=\"color: #ff0000;font-family: Arial, sans-serif\">KONKURS PLASTYCZNY<br \/>\n<\/span><span style=\"color: #ff0000;font-family: Arial, sans-serif\">dla dzieci i rodzic\u00f3w<\/span><\/span><\/p>\n<p style=\"text-align: center\"><span style=\"color: #ff0000;font-family: Arial, sans-serif\"><span style=\"font-size: 20px\"><span style=\"color: #808080;font-family: Tahoma, Helvetica, Arial, sans-serif;font-size: 14.6667px\"><span style=\"font-size: 14.6667px\">Zapraszamy dzieci wraz z rodzicami do udzia\u0142u<br \/>\nw\u00a0<\/span><span style=\"font-size: 14.6667px;color: #808080\">przedszkolnym konkursie plastycznym pt.<br \/>\n<\/span><\/span><\/span><\/span><span style=\"color: #ff9700;font-family: Arial, sans-serif\"><span style=\"font-size: 20px\">\u201eM\u00f3j dom, moje przedszkole, m\u00f3j region\u201d<\/span><\/span><span style=\"font-size: 14.6667px;color: #808080\">.<\/span><\/p>\n<p style=\"text-align: center\"><span style=\"font-size: 14.6667px;color: #808080\">Celem konkursu jest kszta\u0142towanie poczucia wi\u0119zi ze swoim\u00a0<\/span><span style=\"font-size: 14.6667px;color: #808080\">miastem,<br \/>\npopularyzowanie wiedzy o Wroc\u0142awiu oraz kszta\u0142towanie\u00a0<\/span><span style=\"font-size: 14.6667px;color: #808080\">wyobra\u017ani i inwencji tw\u00f3rczej.<\/span><\/p>\n<p style=\"text-align: center\"><span style=\"font-size: 12.16px;color: #808080\"><span style=\"font-size: 14.6667px\">Praca mo\u017ce by\u0107 wykonana wsp\u00f3lnie &#8211; przez\u00a0<\/span><\/span><span style=\"font-size: 14.6667px;color: #808080\">dziecko i przy pomocy rodzica,<br \/>\nlub mog\u0105 j\u0105 wykona\u0107\u00a0<\/span><span style=\"font-size: 14.6667px;color: #808080\">same dzieci (ze wszystkich grup wiekowych).<\/span><\/p>\n<p style=\"text-align: center\"><span style=\"font-size: 14.6667px;color: #808080\">Technika pracy\u00a0<span style=\"font-size: 14.6667px\">\u2013<\/span>\u00a0dowolna. Format\u00a0<\/span><span style=\"color: #808080;font-size: 14.6667px\">\u2013<\/span><span style=\"color: #808080;font-size: 14.6667px\">\u00a0A4.<\/span><\/p>\n<p style=\"text-align: center\"><span style=\"font-size: 14.6667px;color: #808080\">Praca powinna\u00a0<\/span><span style=\"font-size: 14.6667px;color: #808080\">przedstawia\u0107 dowolny element miasta wymieniony w tytule konkursu<\/span><span style=\"font-size: 14.6667px;color: #808080\">.<br \/>\n<\/span><span style=\"color: #808080\"><span style=\"font-size: 14.6667px\">Prosimy rodzic\u00f3w o podpisanie prac na odwrocie, tj.\u00a0<\/span><\/span><span style=\"font-size: 14.6667px;color: #808080\">dziecko i wsp\u00f3\u0142pracuj\u0105cy rodzic<br \/>\n<\/span><span style=\"font-size: 14.6667px;color: #808080\">(imi\u0119 i nazwisko, grupa). Prace po\u00a0<\/span><span style=\"font-size: 14.6667px;color: #808080\">zako\u0144czeniu konkursu, b\u0119dzie mo\u017cna odebra\u0107.<\/span><\/p>\n<p style=\"text-align: center\"><span style=\"color: #808080\"><span style=\"font-size: 14.6667px\">Prace plastyczne nale\u017cy dostarczy\u0107 do<\/span><\/span><span style=\"color: #ff0000;font-family: Arial, sans-serif;font-size: 18px\">\u00a021 lutego 2020 <\/span><span style=\"color: #808080\"><span style=\"font-size: 14.6667px\">do\u00a0<\/span><\/span><span style=\"font-size: 14.6667px;color: #808080\">nauczycieli grupy I i III<br \/>\n<\/span><span style=\"color: #808080;font-size: 14.6667px\">&#8211; Anetty Sto\u0142owskiej lub Edyty Kubas.<br \/>\n<\/span><span style=\"font-size: 14.6667px;color: #808080\">Prace b\u0119d\u0105 zaprezentowane w naszym przedszkolu po feriach.<br \/>\n<\/span><span style=\"color: #808080;font-size: 14.6667px\">Wszystkie prace zostan\u0105 nagrodzone!<br \/>\n<\/span><span style=\"color: #bdc3c7;font-family: Arial, sans-serif;font-size: 14.6667px\">_________________________________________________________________<\/span><\/p>\n<p style=\"text-align: center\"><span style=\"font-size: 14pt\"><span style=\"color: #7f480d;font-family: Arial, sans-serif\">AKCJA ZWIERZAKI <\/span><span style=\"color: #7f480d;font-family: Arial, sans-serif\">\u2013 PODSUMOWANIE<\/span><\/span><\/p>\n<p style=\"text-align: center\"><span style=\"color: #808080;font-size: 14.6667px\">Serdecznie dzi\u0119kujemy Rodzicom i Dzieciom z naszego przedszkola<br \/>\nza ogromne zaanga\u017cowanie w akcj\u0119 pomocy dla zwierz\u0105t ze schroniska.<\/span><span style=\"color: #808080;font-size: 14.6667px\"><br \/>\n<\/span><span style=\"font-size: 14.6667px;color: #808080;font-family: Arial, sans-serif\">Dzi\u0119ki Pa\u0144stwa ofiarno\u015bci zebrali\u015bmy bardzo du\u017c\u0105 ilo\u015b\u0107 karmy<br \/>\n<\/span><span style=\"font-size: 14.6667px;color: #808080;font-family: Arial, sans-serif\">oraz akcesori\u00f3w potrzebnych bezdomnym zwierz\u0119tom.<\/span><\/p>\n<p style=\"text-align: center\"><span style=\"color: #808080;font-family: Arial, sans-serif\"><span style=\"font-size: 14.6667px\">Wszystkie dary zosta\u0142y ju\u017c przewiezione do Schroniska dla Bezdomnych Zwierz\u0105t we Wroc\u0142awiu.<\/span><\/span><br \/>\n<span style=\"color: #808080;font-family: Arial, sans-serif\"><span style=\"font-size: 14.6667px\">Dzi\u0119kujemy mamie Kai z grupy II za przewiezienie dar\u00f3w do schroniska.<br \/>\n<\/span><\/span><span style=\"color: #bdc3c7;font-family: Arial, sans-serif;font-size: 14.6667px\">_________________________________________________________________<\/span><\/p>\n<p style=\"text-align: center\"><span style=\"font-size: 14pt;color: #ff1d4d;font-family: Arial, sans-serif\">BAL KARNAWA\u0141OWY<\/span><\/p>\n<p style=\"text-align: center\"><span style=\"color: #808080;font-family: Arial, sans-serif\"><span style=\"font-size: 14.6667px\">W pi\u0105tek<\/span><\/span><span style=\"color: #ff9700;font-family: Arial, sans-serif;font-size: 18px\">\u00a07 lutego <\/span><span style=\"font-size: 14.6667px;color: #808080;font-family: Arial, sans-serif\">w godzinach\u00a0<\/span><span style=\"color: #ff9700;font-family: Arial, sans-serif\"><span style=\"font-size: 18px\">12:00\u201314:00<br \/>\n<\/span><\/span><span style=\"color: #808080;font-family: Arial, sans-serif;font-size: 14.6667px\">odb\u0119dzie si\u0119 w przedszkolu<br \/>\n<\/span><span style=\"color: #ff1d4d;font-family: Arial, sans-serif;font-size: 18px\">Bal karnawa\u0142owy dla dzieci<\/span><\/p>\n<p style=\"text-align: center\"><span style=\"color: #808080;font-family: Arial, sans-serif;font-size: 14.6667px\"><span style=\"font-size: 14.6667px\">Rodzic\u00f3w p<\/span>rosimy o zapewnienie dzieciom stroj\u00f3w.<\/span><\/p>\n<p style=\"text-align: center\"><span style=\"font-size: 14.6667px;color: #808080;font-family: Arial, sans-serif\">W tym samym dniu w godzinach 09:00<span style=\"font-size: 14.6667px\">\u2013<\/span>11:00<br \/>\nodb\u0119dzie si\u0119\u00a0<span style=\"color: #ff9700;font-size: 20px\">sesja zdj\u0119ciowa<\/span><\/span><span style=\"color: #808080;font-family: Arial, sans-serif;font-size: 14.6667px\">\u00a0dla dzieci<br \/>\n(zdj\u0119cia grupowe i indywidualne).<br \/>\n<\/span><span style=\"color: #808080;font-size: 14.6667px\">Cena: 24 z\u0142 \/ komplet.<\/span><\/p>\n<p style=\"text-align: center\"><span style=\"color: #ff1d4d;font-family: Arial, sans-serif;font-size: 16px\"><span style=\"font-size: 15px\">UWAGA: obowi\u0105zuj\u0105 zapisy na zdj\u0119cia!<\/span><br \/>\n<\/span><span style=\"color: #808080;font-size: 14.6667px\">Prosimy o wpisywanie dzieci na listy (w holu)\u00a0<\/span><span style=\"font-size: 14.6667px;color: #808080\">do czwartku 6 lutego.<br \/>\nDzieci nie wpisane na list\u0119 nie b\u0119d\u0105 mia\u0142y wykonanych zdj\u0119\u0107.<br \/>\n<\/span><span style=\"color: #808080;font-family: Arial, sans-serif;font-size: 18px\"><span style=\"color: #bdc3c7;font-size: 14.6667px\">_________________________________________________________________<\/span><\/span><\/p>\n<p style=\"text-align: center\"><span style=\"color: #009bff;font-family: Arial, sans-serif;font-size: 14pt\">WARSZTATY PLASTYCZNE<br \/>\nGRUPA II<\/span><\/p>\n<p style=\"text-align: center\"><span style=\"color: #808080;font-size: 14.6667px\">Serdecznie zapraszamy rodzic\u00f3w dzieci z grupy II<br \/>\n<span style=\"font-size: 14.6667px\">do udzia\u0142u w warsztatach plastyczno-<\/span><span style=\"font-size: 14.6667px\">integracyjnych<\/span><br \/>\n<span style=\"color: #00c95b;font-family: Arial, sans-serif;font-size: 18px\"><span style=\"color: #808080;font-family: Tahoma, Helvetica, Arial, sans-serif;font-size: 14.6667px\">w \u015brod\u0119<\/span>\u00a05 lutego <\/span><\/span><span style=\"color: #808080;font-size: 14.6667px\">o godzinie\u00a0<\/span><span style=\"color: #808080;font-size: 14.6667px\"><span style=\"color: #00c95b;font-family: Arial, sans-serif;font-size: 18px\">15:30<\/span><span style=\"font-size: 14.6667px\">.<\/span><br \/>\n<\/span><span style=\"color: #808080;font-size: 14.6667px\">Rodzice\u00a0<span style=\"font-size: 14.6667px\">b\u0119d\u0105 mieli okazj\u0119 wykona\u0107 wsp\u00f3lnie\u00a0<\/span><span style=\"font-size: 14.6667px\">z dzie\u0107mi<br \/>\n<\/span><\/span><span style=\"font-size: 14.6667px;color: #808080\">prac\u0119 plastyczn\u0105 technik\u0105 kola\u017cu.<br \/>\nTemat:\u00a0<\/span><span style=\"color: #808080;font-size: 14.6667px\"><span style=\"color: #009bff;font-family: Arial, sans-serif;font-size: 18px\">Zimowy obrazek<\/span><\/span><span style=\"color: #808080;font-size: 14.6667px\">.<br \/>\n<\/span><span style=\"color: #808080;font-family: Arial, sans-serif;font-size: 18px\"><span style=\"color: #bdc3c7;font-size: 14.6667px\">_________________________________________________________________<\/span><\/span><\/p>\n<p style=\"text-align: center\"><span style=\"color: #009bff;font-family: Arial, sans-serif;font-size: 14pt\">SPOTKANIE INTEGRACYJNE<br \/>\nGRUPA III<\/span><\/p>\n<p style=\"text-align: center\"><span style=\"color: #808080;font-size: 14.6667px\">Serdecznie zapraszamy rodzic\u00f3w dzieci z grupy III<br \/>\n<span style=\"font-size: 14.6667px\">na spotkanie\u00a0<\/span><span style=\"font-size: 14.6667px\">integracyjne<\/span><br \/>\n<span style=\"color: #00c95b;font-family: Arial, sans-serif;font-size: 18px\"><span style=\"color: #808080;font-family: Tahoma, Helvetica, Arial, sans-serif;font-size: 14.6667px\">w pi\u0105tek<\/span><\/span><\/span><span style=\"color: #00c95b;font-family: Arial, sans-serif;font-size: 18px\">\u00a031 stycznia<\/span><span style=\"color: #808080;font-size: 14.6667px\"><span style=\"color: #00c95b;font-family: Arial, sans-serif;font-size: 18px\">\u00a0<\/span><\/span><span style=\"color: #808080;font-size: 14.6667px\">o godzinie<\/span><span style=\"color: #808080;font-size: 14.6667px\">\u00a0<\/span><span style=\"color: #808080;font-size: 14.6667px\"><span style=\"color: #00c95b;font-family: Arial, sans-serif;font-size: 18px\">16:00<\/span><span style=\"font-size: 14.6667px\">.<br \/>\n<\/span><\/span><span style=\"color: #808080;font-size: 14.6667px\">W programie m.in.\u00a0<span style=\"color: #009bff;font-family: Arial, sans-serif;font-size: 18px\">Jase\u0142ka\u00a0<\/span><\/span><span style=\"color: #808080;font-size: 14.6667px\">w wykonaniu dzieci,<br \/>\n<\/span><span style=\"color: #808080;font-size: 14.6667px\">wsp\u00f3lne kol\u0119dowanie, zabawy integracyjne.<\/span><\/p>\n<p style=\"text-align: center\"><span style=\"color: #808080;font-size: 14.6667px\">W tym dniu prosimy o takie samo ubranie dzieci jak na uroczysto\u015b\u0107<br \/>\nz okazji Dnia Babci i Dziadka.<br \/>\n<\/span><span style=\"color: #808080;font-family: Arial, sans-serif;font-size: 18px\"><span style=\"color: #bdc3c7;font-size: 14.6667px\"><span style=\"font-size: 14.6667px\">_________________________________________________________________<\/span><\/span><\/span><\/p>\n<p style=\"text-align: center\"><span style=\"color: #ff003e;font-family: Arial, sans-serif;font-size: 14pt\">DZIE\u0143 BABCI I DZIADKA<\/span><\/p>\n<p style=\"text-align: center\"><span style=\"color: #808080;font-size: 14.6667px\">Serdecznie zapraszamy wszystkie Babcie i Dziadk\u00f3w<br \/>\nna uroczysto\u015bci z okazji Ich \u015awi\u0119ta:<\/span><\/p>\n<p style=\"text-align: center\"><span style=\"font-size: 14.6667px;color: #808080;font-family: Arial, sans-serif\"><span style=\"font-size: 14.6667px;color: #808080;font-family: Arial, sans-serif\"><span style=\"color: #ff003e;font-size: 18px\">Grupa I<br \/>\n<\/span><\/span><\/span><span style=\"color: #5ccad5;font-family: Arial, sans-serif\"><span style=\"font-size: 16px\"><span style=\"color: #808080;font-family: Tahoma, Helvetica, Arial, sans-serif;font-size: 14.6667px\"><span style=\"color: #808080;font-family: Arial, sans-serif;font-size: 14.6667px\">\u015broda<\/span><span style=\"color: #ff0000;font-family: Arial, sans-serif;font-size: 18px\"><span style=\"color: #ff003e\"><span style=\"color: #03a8f4\">\u00a029 stycznia<\/span>\u00a0<\/span><\/span><span style=\"color: #808080;font-size: 14.6667px\">godz<\/span>.\u00a0<\/span><\/span><\/span><span style=\"color: #03a8f4;font-family: Arial, sans-serif;font-size: 18px\">12:45<\/span><\/p>\n<p style=\"text-align: center\"><span style=\"font-size: 14.6667px;color: #808080;font-family: Arial, sans-serif\"><span style=\"font-size: 14.6667px;color: #808080;font-family: Arial, sans-serif\"><span style=\"color: #ff003e;font-size: 18px\">Grupa II<br \/>\n<\/span><\/span><\/span><span style=\"color: #5ccad5;font-family: Arial, sans-serif\"><span style=\"font-size: 16px\"><span style=\"color: #808080;font-family: Tahoma, Helvetica, Arial, sans-serif;font-size: 14.6667px\"><span style=\"color: #808080;font-family: Arial, sans-serif;font-size: 14.6667px\">wtorek<\/span><span style=\"color: #ff0000;font-family: Arial, sans-serif;font-size: 18px\"><span style=\"color: #ff003e\"><span style=\"color: #03a8f4\">\u00a028 stycznia<\/span>\u00a0<\/span><\/span><span style=\"color: #808080;font-size: 14.6667px\">godz<\/span><\/span><\/span><\/span><span style=\"color: #5ccad5;font-family: Arial, sans-serif\"><span style=\"font-size: 16px\"><span style=\"color: #808080;font-family: Tahoma, Helvetica, Arial, sans-serif;font-size: 14.6667px\">.\u00a0<\/span><\/span><\/span><span style=\"color: #03a8f4;font-family: Arial, sans-serif;font-size: 18px\">13:00<\/span><\/p>\n<p style=\"text-align: center\"><span style=\"font-size: 14.6667px;color: #808080;font-family: Arial, sans-serif\"><span style=\"font-size: 14.6667px;color: #808080;font-family: Arial, sans-serif\"><span style=\"color: #ff003e;font-size: 18px\">Grupa III<br \/>\n<\/span><\/span><\/span><span style=\"color: #808080;font-family: Arial, sans-serif;font-size: 14.6667px\">\u015broda<\/span><span style=\"color: #ff0000;font-family: Arial, sans-serif;font-size: 18px\"><span style=\"color: #ff003e\"><span style=\"color: #03a8f4\">\u00a029 stycznia<\/span>\u00a0<\/span><\/span><span style=\"color: #808080;font-size: 14.6667px\">godz<\/span><span style=\"color: #5ccad5;font-family: Arial, sans-serif\"><span style=\"font-size: 16px\"><span style=\"color: #808080;font-family: Tahoma, Helvetica, Arial, sans-serif;font-size: 14.6667px\">.\u00a0<\/span><\/span><\/span><span style=\"color: #03a8f4;font-family: Arial, sans-serif;font-size: 18px\">11:00<br \/>\n<\/span><span style=\"color: #bdc3c7;font-family: Arial, sans-serif;font-size: 14.6667px\">_________________________________________________________________<\/span><\/p>\n<p style=\"text-align: center\"><span style=\"color: #a90087;font-family: Arial, sans-serif;font-size: 14pt\">CZYTAMY DZIECIOM<\/span><\/p>\n<p style=\"text-align: center\"><span style=\"color: #808080;font-size: 14.6667px\">W ramach wsp\u00f3\u0142pracy z Rodzicami, integracji,<br \/>\na tak\u017ce promowania nawyku codziennego czytania dzieciom,<br \/>\n<\/span><span style=\"color: #808080;font-size: 14.6667px\">og\u0142aszamy w naszym przedszkolu akcj\u0119:<\/span><\/p>\n<p style=\"text-align: center\"><span style=\"font-size: 14.6667px;color: #808080;font-family: Arial, sans-serif\"><span style=\"font-size: 14.6667px;color: #808080;font-family: Arial, sans-serif\"><span style=\"color: #3389a0;font-size: 18px\">Wsp\u00f3lne czytanie z Rodzicami.<br \/>\nPoznawanie historii naszego miasta i regionu<\/span><\/span><\/span><span style=\"color: #808080;font-size: 14.6667px\">.<\/span><\/p>\n<p style=\"text-align: center\"><span style=\"font-size: 14.6667px;color: #808080\">Zach\u0119camy i zapraszamy\u00a0<\/span><span style=\"color: #808080;font-size: 14.6667px\">Rodzic\u00f3w<\/span><span style=\"color: #808080;font-size: 14.6667px\">\u00a0<\/span><span style=\"color: #808080;font-size: 14.6667px\">do czytania dzieciom w przedszkolu<\/span><span style=\"color: #808080;font-size: 14.6667px\"><br \/>\n<\/span><span style=\"color: #b80040;font-size: 14.6667px\">legend, ba\u015bni i poda\u0144 dotycz\u0105cych Wroc\u0142awia i Dolnego \u015al\u0105ska<\/span><span style=\"color: #808080;font-size: 14.6667px\">.<\/span><span style=\"color: #808080;font-size: 14.6667px\"><br \/>\n<\/span><span style=\"color: #808080;font-size: 14.6667px\">Ch\u0119tnych Rodzic\u00f3w prosimy o kontakt z nauczycielami grup.<\/span><\/p>\n<p style=\"text-align: center\"><span style=\"color: #bdc3c7;font-family: Arial, sans-serif;font-size: 14.6667px\">_________________________________________________________________<\/span><\/p>\n<p style=\"text-align: center\"><span style=\"color: #049d00;font-family: Arial, sans-serif;font-size: 14pt\">EKO\u2013WARSZTATY<\/span><\/p>\n<p style=\"text-align: center\"><span style=\"color: #808080;font-size: 14.6667px\">We wtorek<\/span><span style=\"color: #808080;font-size: 14.6667px\"><span style=\"color: #a2bf00;font-family: Arial, sans-serif;font-size: 18px\">\u00a021 stycznia<\/span>\u00a0w godzinach\u00a0<\/span><span style=\"color: #a2bf00;font-family: Arial, sans-serif\"><span style=\"font-size: 18px\">10:00\u201311:30<br \/>\n<\/span><\/span><span style=\"color: #808080;font-size: 14.6667px\">\u00a0odb\u0119d\u0105 si\u0119 w przedszkolu warsztaty dla dzieci z grup II i III<br \/>\n<\/span><span style=\"color: #049d00;font-family: Arial, sans-serif;font-size: 18px\">dotycz\u0105ce segregacji odpad\u00f3w i ekologicznego stylu \u017cycia<\/span><span style=\"color: #808080;font-size: 14.6667px\">.<\/span><\/p>\n<p style=\"text-align: center\"><span style=\"color: #808080;font-size: 14.6667px\">Zaj\u0119cia poprowadzi Centrum Edukacyjne<br \/>\n<\/span><span style=\"font-size: 14pt\"><a href=\"https:\/\/www.ekolandiaedu.com\/\" target=\"blank\" rel=\"noopener\"><span style=\"color: #a2bf00;font-family: Arial, sans-serif\">Ekolandia.edu<\/span><\/a><\/span><\/p>\n<p style=\"text-align: center\"><span style=\"color: #808080;font-size: 14.6667px\">Warsztaty s\u0105 finansowane przez Sp\u00f3\u0142k\u0119 Ekosystem.<br \/>\n<\/span><span style=\"color: #bdc3c7;font-family: Arial, sans-serif;font-size: 14.6667px\">_________________________________________________________________<\/span><\/p>\n<p style=\"text-align: center\"><span style=\"color: #ff003e;font-family: Arial, sans-serif;font-size: 14pt\">KONCERT EDUKACYJNY<\/span><\/p>\n<p style=\"text-align: center\"><span style=\"color: #09bb00;font-family: Arial, sans-serif;font-size: 18px\"><span style=\"color: #ff0000;font-family: Arial, sans-serif;font-size: 18px\"><span style=\"color: #808080;font-size: 14.6667px\"><span style=\"vertical-align: inherit\"><span style=\"vertical-align: inherit\">W poniedzia\u0142ek<\/span><\/span><\/span><\/span><span style=\"vertical-align: inherit\"><span style=\"vertical-align: inherit\"><span style=\"color: #00b45a\">\u00a020 stycznia <\/span><\/span><span style=\"vertical-align: inherit\"><span style=\"color: #808080;font-size: 14.6667px\"><span style=\"vertical-align: inherit\">o godzinie <span style=\"color: #00b45a;font-size: 18px\">13:45<\/span><br \/>\n<\/span><\/span><span style=\"color: #808080;font-size: 14.6667px\"><span style=\"vertical-align: inherit\">dzieci z wszystkich grup wezm\u0105 udzia\u0142<br \/>\n<\/span><\/span><span style=\"color: #808080;font-size: 14.6667px\"><span style=\"vertical-align: inherit\">w koncercie edukacyjnym z cyklu<br \/>\n<\/span><\/span><span style=\"color: #ff003e;font-family: Arial, sans-serif;font-size: 20px\"><span style=\"vertical-align: inherit\">Dziadek Bach<\/span><\/span><\/span><\/span><\/span><span style=\"color: #808080;font-family: Arial, sans-serif;font-size: 14.6667px\">.<\/span><\/p>\n<p style=\"text-align: center\"><span style=\"color: #09bb00;font-family: Arial, sans-serif;font-size: 18px\"><span style=\"vertical-align: inherit\"><span style=\"color: #808080;font-size: 14.6667px\"><span style=\"vertical-align: inherit\">Koncert poprowadzi\u00a0<\/span><\/span><span style=\"color: #808080;font-size: 14.6667px\"><span style=\"vertical-align: inherit\">znany wroc\u0142awski\u00a0muzyk,<br \/>\n<\/span><\/span><span style=\"color: #808080;font-size: 14.6667px\"><span style=\"vertical-align: inherit\">tr\u0119bacz i kompozytor\u00a0<\/span><\/span><\/span><\/span><span style=\"color: #00b45a;font-family: Arial, sans-serif;font-size: 18px\">Tadeusz Nestorowicz<span style=\"color: #808080;font-family: Arial, sans-serif;font-size: 14.6667px\">.<br \/>\n<\/span><\/span><span style=\"color: #00c67e;font-family: Arial, sans-serif;font-size: 22px\"><span style=\"color: #bdc3c7;font-size: 14.6667px\">_________________________________________________________________<\/span><\/span><\/p>\n<p style=\"text-align: center\"><span style=\"color: #00c67e;font-family: Arial, sans-serif;font-size: 14pt\">WARSZTATY PRZYRODNICZE<\/span><\/p>\n<p style=\"text-align: center\"><span style=\"color: #808080;font-size: 14.6667px\"><span style=\"color: #7f480d;font-family: Arial, sans-serif\"><span style=\"font-size: 18px\"><span style=\"color: #808080;font-size: 14.6667px\">W \u015brod\u0119<\/span><span style=\"font-size: 18px;color: #5ccad5;font-family: Arial, sans-serif\"><span style=\"color: #bf6300\">\u00a015 stycznia <\/span><\/span><span style=\"color: #808080;font-size: 14.6667px\">w godzinach\u00a0<span style=\"color: #bf6300;font-family: Arial, sans-serif\"><span style=\"font-size: 18px\">9:30\u201311:00<\/span><\/span><\/span><br \/>\n<\/span><\/span><\/span><span style=\"color: #808080;font-size: 14.6667px\">odb\u0119d\u0105 si\u0119 w przedszkolu warsztaty dla dzieci pt.<\/span><\/p>\n<p style=\"text-align: center\"><span style=\"color: #00c67e;font-family: Arial, sans-serif\"><span style=\"font-size: 20px\">Zwierz\u0119ta le\u015bne. Je\u017c, wiewi\u00f3rka, sowa.<\/span><\/span><\/p>\n<p style=\"text-align: center\"><span style=\"color: #808080;font-size: 14.6667px\">Dzieci b\u0119d\u0105 mia\u0142y okazj\u0119 pozna\u0107 tryb \u017cycia, zwyczaje oraz ciekawostki<br \/>\nna temat zwierz\u0105tek b\u0119d\u0105cych przedstawicielami ich grup.<\/span><\/p>\n<p style=\"text-align: center\">Zaj\u0119cia poprowadzi\u00a0pani Magdalena Nied\u017awied\u017a\u00a0<span style=\"font-size: 14.6667px\">\u2013<\/span><br \/>\n\u2013 przyrodnik i ekolog\u00a0z wroc\u0142awskiego\u00a0<a href=\"http:\/\/www.eko.wroc.pl\/index.php\/opis-ec\" target=\"blank\" rel=\"noopener\"><span style=\"color: #ff9700;font-size: 14.6667px\">EkoCentrum<\/span><\/a>.<br \/>\n<span style=\"color: #bdc3c7;font-family: Arial, sans-serif;font-size: 14.6667px\">_________________________________________________________________<\/span><\/p>\n<p style=\"text-align: center\"><span style=\"color: #7f480d;font-family: Arial, sans-serif;font-size: 14pt\">AKCJA ZWIERZAKI<\/span><\/p>\n<p style=\"text-align: center\"><span style=\"color: #808080\"><span style=\"font-size: 14.6667px\">Drodzy Rodzice.<br \/>\n<\/span><\/span><span style=\"color: #808080;font-size: 14.6667px\">Nasze przedszkole po raz kolejny organizuje akcj\u0119<br \/>\n<span style=\"color: #ff003e;font-family: Arial, sans-serif;font-size: 16px\">pomocy dla zwierz\u0105t ze schroniska<\/span><\/span><span style=\"color: #808080;font-size: 14.6667px\">.<br \/>\n<\/span><\/p>\n<p style=\"text-align: center\"><span style=\"color: #808080\"><span style=\"font-size: 14.6667px\"><span style=\"color: #ff9700;font-family: Arial, sans-serif\"><span style=\"font-size: 18px\"><span style=\"color: #808080\"><span style=\"font-size: 14.6667px\">Zach\u0119camy Rodzic\u00f3w i Dzieci do udzia\u0142u<br \/>\n<\/span><\/span><span style=\"font-size: 14.6667px;color: #808080\">w\u00a0<\/span><span style=\"color: #7f480d;font-family: Arial, sans-serif\"><span style=\"font-size: 16px\">zbi\u00f3rce dar\u00f3w dla bezdomnych zwierz\u0105t<\/span><\/span><span style=\"color: #808080;font-size: 14.6667px\">,<br \/>\n<\/span><\/span><\/span><\/span><\/span><span style=\"color: #808080;font-size: 14.6667px\">kt\u00f3ra odb\u0119dzie si\u0119 w naszym przedszkolu w dniach<\/span><\/p>\n<p style=\"text-align: center\"><span style=\"color: #ff1d4d;font-family: Arial, sans-serif;font-size: 20px\">13\u201331 stycznia 2020 r.<\/span><\/p>\n<p style=\"text-align: center\"><span style=\"color: #808080\"><span style=\"font-size: 14.6667px\"><span style=\"color: #ff9700;font-family: Arial, sans-serif\"><span style=\"font-size: 18px\">Potrzebne s\u0105 przede wszystkim<\/span><\/span><span style=\"font-size: 14.6667px\">:<\/span><\/span><\/span><\/p>\n<p style=\"text-align: center\"><span style=\"color: #808080;font-size: 14.6667px\"><span style=\"color: #954d00;font-family: Arial, sans-serif;font-size: 18px\"><span style=\"color: #7f480d;font-family: Arial, sans-serif\">Karma dla zwierz\u0105t<\/span><br \/>\n<\/span><\/span><span style=\"color: #808080\"><span style=\"font-size: 14.6667px\">\u2013 sucha i mokra, zar\u00f3wno dla ps\u00f3w jak i dla kot\u00f3w.<\/span><\/span><\/p>\n<p style=\"text-align: center\"><span style=\"color: #808080\"><span style=\"font-size: 14.6667px\">Prosimy o zakup karmy ze \u015bredniej p\u00f3\u0142ki. Karmy najta\u0144sze\u00a0<\/span><\/span><span style=\"font-size: 14.6667px;color: #808080\">nie s\u0105 ch\u0119tnie zjadane przez zwierzaki.<br \/>\nPami\u0119tajcie, \u017ce lepiej kupi\u0107 kilogram dobrej jako\u015bci karmy, ni\u017c 10 kg bezwarto\u015bciowego po\u017cywienia.<\/span><\/p>\n<p style=\"text-align: center\"><span style=\"font-size: 12.16px;color: #ff9700;font-family: Arial, sans-serif\"><span style=\"font-size: 18px\">Potrzebne s\u0105 tak\u017ce<\/span><\/span><span style=\"font-size: 12.16px;color: #808080\"><span style=\"font-size: 14.6667px\">:<\/span><\/span><\/p>\n<p style=\"text-align: center\"><span style=\"color: #7f480d;font-family: Arial, sans-serif\"><span style=\"font-size: 18px\">Gazety papierowe <\/span><\/span><span style=\"color: #808080;font-size: 14.6667px\">(czarno-bia\u0142e)<br \/>\n<\/span><span style=\"color: #7f480d;font-family: Arial, sans-serif;font-size: 18px\">Koce i r\u0119czniki<br \/>\n<\/span><span style=\"color: #7f480d;font-family: Arial, sans-serif;font-size: 18px\">Smycze, obro\u017ce, kaga\u0144ce<br \/>\n<\/span><span style=\"color: #7f480d;font-family: Arial, sans-serif;font-size: 18px\">Akcesoria dla zwierz\u0105t <\/span><span style=\"font-size: 12.16px;color: #808080\"><span style=\"font-size: 14.6667px\">(zabawki, szampony, przysmaki itp.)<\/span><\/span><\/p>\n<p style=\"text-align: center\"><span style=\"color: #808080;font-size: 14.6667px\">Dzi\u0119kujemy za ka\u017cd\u0105 form\u0119 wsparcia!<br \/>\n<\/span><span style=\"color: #bdc3c7;font-family: Arial, sans-serif;font-size: 14.6667px\">_________________________________________________________________<\/span><\/p>\n<p style=\"text-align: center\"><span style=\"color: #ff003e;font-size: 14pt;font-family: Arial, sans-serif\">KONSULTACJE DLA RODZIC\u00d3W<\/span><\/p>\n<p style=\"text-align: center\"><span style=\"font-size: 14.6667px;color: #808080;font-family: Arial, sans-serif\"><span style=\"font-size: 14.6667px;color: #808080;font-family: Arial, sans-serif\"><span style=\"font-size: 14.6667px\">Zapraszamy Rodzic\u00f3w na konsultacje z nauczycielami grup,\u00a0<\/span>kt\u00f3re\u00a0<\/span><span style=\"font-size: 14.6667px;color: #808080;font-family: Arial, sans-serif\">odb\u0119d\u0105 si\u0119:<\/span><\/span><\/p>\n<p style=\"text-align: center\"><span style=\"color: #808080;font-size: 14.6667px\"><span style=\"font-size: 14.6667px;color: #808080;font-family: Arial, sans-serif\"><span style=\"font-size: 14.6667px;color: #808080;font-family: Arial, sans-serif\"><span style=\"color: #ff003e;font-size: 18px\">Grupa I<br \/>\n<\/span><\/span><\/span><\/span><span style=\"color: #808080;font-size: 14.6667px\"><span style=\"font-family: Arial, sans-serif;font-size: 14.6667px\">wtorek<\/span><span style=\"color: #808080;font-size: 14.6667px\"><span style=\"font-size: 14.6667px;color: #808080;font-family: Arial, sans-serif\">\u00a0<\/span><span style=\"color: #ff0000;font-family: Arial, sans-serif;font-size: 18px\"><span style=\"color: #ff003e\"><span style=\"color: #009bff\">14<\/span><span style=\"color: #009bff\">\u00a0stycznia<\/span>\u00a0<\/span><\/span>godz.<\/span><\/span><span style=\"color: #808080;font-size: 14.6667px\">\u00a0<\/span><span style=\"font-size: 12.16px;color: #009bff;font-family: Arial, sans-serif\"><span style=\"font-size: 18px\">16:00\u201317:00<\/span><\/span><\/p>\n<p style=\"text-align: center\"><span style=\"font-size: 12.16px;color: #009bff;font-family: Arial, sans-serif\"><span style=\"font-size: 18px\"><span style=\"color: #808080;font-size: 14.6667px\"><span style=\"font-size: 14.6667px;color: #808080;font-family: Arial, sans-serif\"><span style=\"color: #ff003e;font-size: 18px\">Grupa II<br \/>\n<\/span><\/span><\/span><span style=\"color: #808080;font-size: 14.6667px\"><span style=\"font-size: 14.6667px;color: #808080;font-family: Arial, sans-serif\">\u015b<\/span><span style=\"font-family: Arial, sans-serif;font-size: 14.6667px\">roda<\/span><span style=\"font-size: 14.6667px;color: #808080;font-family: Arial, sans-serif\">\u00a0<\/span><span style=\"color: #ff0000;font-family: Arial, sans-serif;font-size: 18px\"><span style=\"color: #ff003e\"><span style=\"color: #009bff\">15<\/span><span style=\"color: #009bff\">\u00a0stycznia<\/span>\u00a0<\/span><\/span>godz.<\/span><span style=\"color: #808080;font-size: 14.6667px\">\u00a0<\/span>16:00\u201317:00<\/span><\/span><\/p>\n<p style=\"text-align: center\"><span style=\"color: #808080;font-size: 14.6667px\"><span style=\"color: #808080;font-size: 14.6667px\"><span style=\"font-size: 14.6667px;color: #808080;font-family: Arial, sans-serif\"><span style=\"font-size: 14.6667px;color: #808080;font-family: Arial, sans-serif\"><span style=\"color: #ff003e;font-size: 18px\">Grupa III<br \/>\n<\/span><\/span><\/span><\/span><\/span><span style=\"color: #808080;font-size: 14.6667px\"><span style=\"color: #808080;font-size: 14.6667px\"><span style=\"font-family: Arial, sans-serif;font-size: 14.6667px\">czwartek<\/span><span style=\"color: #ff0000;font-family: Arial, sans-serif;font-size: 18px\"><span style=\"color: #ff003e\"><span style=\"font-size: 14.6667px;color: #808080;font-family: Arial, sans-serif\">\u00a0<\/span><span style=\"color: #ff0000;font-family: Arial, sans-serif;font-size: 18px\"><span style=\"color: #ff003e\"><span style=\"color: #009bff\">16<\/span><span style=\"color: #009bff\">\u00a0stycznia<\/span>\u00a0<\/span><\/span><\/span><\/span><span style=\"color: #808080;font-size: 14.6667px\">godz.\u00a0<\/span><\/span><\/span><span style=\"font-size: 12.16px;color: #009bff;font-family: Arial, sans-serif\"><span style=\"font-size: 18px\">16:00\u201317:00<\/span><\/span><\/p>\n<p style=\"text-align: center\"><span style=\"color: #ff003e;font-size: 18px;font-family: Arial, sans-serif\">Uwaga!<br \/>\n<\/span><span style=\"color: #808080;font-family: Arial, sans-serif\"><span style=\"font-size: 14.6667px\">Rodzic\u00f3w zainteresowanych udzia\u0142em w konsultacjach\u00a0<\/span><\/span><span style=\"font-size: 14.6667px;color: #808080;font-family: Arial, sans-serif\">prosimy o zapisywanie si\u0119 na listy,<br \/>\nkt\u00f3re s\u0105 dost\u0119pne na tablicach poszczeg\u00f3lnych grup.<br \/>\n<\/span><span style=\"color: #bdc3c7;font-family: Arial, sans-serif;font-size: 14.6667px\">_________________________________________________________________<\/span><\/p>\n<p style=\"text-align: center\"><span style=\"color: #009bff;font-family: Arial, sans-serif;font-size: 14pt\">WYJ\u015aCIE GRUPY III<\/span><\/p>\n<p style=\"text-align: center\"><span style=\"color: #808080;font-size: 14.6667px\">W pi\u0105tek\u00a0<span style=\"color: #00c95b;font-family: Arial, sans-serif;font-size: 18px\">10 stycznia\u00a0<\/span><\/span><span style=\"color: #808080;font-size: 14.6667px\">po \u015bniadaniu<br \/>\ndzieci z grupy III p\u00f3jd\u0105 na wycieczk\u0119 w okolice<br \/>\n<span style=\"color: #00c95b;font-family: Arial, sans-serif;font-size: 18px\">Hali Stulecia<\/span><br \/>\nw ramach cyklu wyj\u015b\u0107 poza teren przedszkola,<br \/>\npoznawania najbli\u017cszej okolicy i ciekawych miejsc.<br \/>\n<\/span><span style=\"color: #bdc3c7;font-family: Arial, sans-serif;font-size: 14.6667px\">_________________________________________________________________<\/span><\/p>\n<p style=\"text-align: center\"><span style=\"color: #049d00;font-family: Arial, sans-serif;font-size: 14pt\">EKO\u2013TYDZIE\u0143<\/span><\/p>\n<p style=\"text-align: center\"><span style=\"color: #808080;font-size: 14.6667px\">W dniach<\/span><span style=\"color: #00d800;font-family: Arial, sans-serif;font-size: 18px\"><span style=\"color: #a2bf00\">\u00a07<\/span><\/span><span style=\"color: #a2bf00;font-family: Arial, sans-serif\"><span style=\"font-size: 18px\">\u2013<\/span><\/span><span style=\"color: #a2bf00;font-family: Arial, sans-serif;font-size: 18px\">10 stycznia\u00a0<\/span><span style=\"color: #808080;font-size: 14.6667px\">w naszym przedszkolu<br \/>\n<\/span><span style=\"color: #808080;font-size: 14.6667px\"><span style=\"font-size: 14.6667px\">b\u0119dzie realizowany\u00a0<\/span>projekt edukacyjny\u00a0<\/span><span style=\"color: #049d00;font-family: Arial, sans-serif;font-size: 18px\">Eko<\/span><span style=\"color: #049d00;font-family: Arial, sans-serif;font-size: 20px\">&#8211;<\/span><span style=\"color: #00d800;font-family: Arial, sans-serif;font-size: 18px\"><span style=\"color: #049d00;font-size: 18px\">tydzie\u0144<\/span><\/span><span style=\"color: #808080;font-size: 14.6667px\">.<\/span><\/p>\n<p style=\"text-align: center\"><span style=\"color: #000000;font-size: 16px\"><span style=\"color: #000000\"><span style=\"font-size: 16px\"><span style=\"font-family: arial, helvetica, sans-serif;color: #339966;font-size: 14pt\">TEMATY DZIA\u0141A\u0143:<\/span><\/span><\/span><\/span><\/p>\n<p style=\"text-align: center\"><span style=\"color: #049d00;font-family: Arial, sans-serif;font-size: 18px\"><span style=\"color: #99cc00\"><span style=\"text-decoration: underline\">wtorek 7.01<\/span><br \/>\n<\/span><\/span><span style=\"font-size: 20px;color: #00d800;font-family: Arial, sans-serif\"><span style=\"color: #04a400;font-size: 16px\">Co to znaczy \u017cy\u0107 ekologicznie?<\/span><br \/>\n<\/span><span style=\"color: #04a400;font-family: Arial, sans-serif;font-size: 16px\">Eko-warsztaty<\/span><span style=\"color: #04a400;font-size: 16px\"><span style=\"font-size: 14.6667px\">\u00a0<\/span><\/span><span style=\"color: #808080;font-size: 14.6667px\">dla grup II i III,<br \/>\n<\/span><span style=\"color: #808080;font-size: 14.6667px\">finansowane przez Ekosystem Sp. z o.o.<\/span><\/p>\n<p style=\"text-align: center\"><span style=\"font-size: 20px;color: #049d00;font-family: Arial, sans-serif\"><span style=\"font-size: 18px;color: #99cc00\"><span style=\"text-decoration: underline\">\u015broda 8.01<br \/>\n<\/span><\/span><\/span><span style=\"font-size: 14.6667px;color: #05db00\"><span style=\"color: #04a400;font-family: Arial, sans-serif;font-size: 16px\">Czyste powietrze wok\u00f3\u0142 nas<\/span><br \/>\n<\/span><span style=\"color: #808080;font-size: 14.6667px\"><span style=\"color: #808080;font-size: 14.6667px\">\u2013<\/span><span style=\"color: #808080;font-size: 14.6667px\">\u00a0<\/span><span style=\"color: #808080;font-size: 14.6667px\">Co to jest powietrze i do czego jest nam potrzebne?<\/span><br \/>\n\u2013<\/span><span style=\"color: #808080;font-size: 14.6667px\">\u00a0<\/span><span style=\"color: #808080;font-size: 14.6667px\">Sk\u0105d pochodz\u0105 zanieczyszczenia powietrza?<br \/>\n<\/span><span style=\"color: #808080;font-size: 14.6667px\">\u2013<\/span><span style=\"color: #808080;font-size: 14.6667px\">\u00a0<\/span><span style=\"color: #808080;font-size: 14.6667px\">Co mo\u017cemy robi\u0107 aby powietrze by\u0142o czyste?<\/span><\/p>\n<p style=\"text-align: center\"><span style=\"color: #99cc00;font-family: Arial, sans-serif;font-size: 20px\"><span style=\"text-decoration: underline\"><span style=\"font-size: 18px\">czwartek 9.01<br \/>\n<\/span><\/span><\/span><span style=\"font-size: 14.6667px;color: #05db00\"><span style=\"color: #04a400;font-family: Arial, sans-serif;font-size: 16px\">Dzie\u0144 Ligi Ochrony Przyrody<\/span><br \/>\n<\/span><span style=\"font-size: 14.6667px;color: #808080\"><span style=\"font-size: 14.6667px\">\u2013<\/span><span style=\"font-size: 14.6667px\">\u00a0<\/span><span style=\"font-size: 14.6667px\">Prezentacja multimedialna<\/span><br \/>\n<span style=\"font-size: 14.6667px\">\u2013<\/span><span style=\"font-size: 14.6667px\">\u00a0<\/span><span style=\"font-size: 14.6667px\">Quiz o tematyce przyrodniczej<\/span><\/span><\/p>\n<p style=\"text-align: center\"><span style=\"color: #00d800;font-family: Arial, sans-serif;font-size: 16px\"><span style=\"color: #04a400\">\u00a0<\/span><\/span><span style=\"color: #04a400;font-family: Arial, sans-serif;font-size: 16px\">\u00a0UWAGA! W tym dniu ubieramy si\u0119 na zielono! \ud83d\ude42<br \/>\n<\/span><\/p>\n<p style=\"font-size: 12.16px;text-align: center\"><span style=\"color: #99cc00;font-family: Arial, sans-serif;font-size: 20px\"><span style=\"text-decoration: underline\"><span style=\"font-size: 18px\">pi\u0105tek 10.01<br \/>\n<\/span><\/span><\/span><span style=\"font-size: 14.6667px;color: #05db00\"><span style=\"color: #04a400;font-family: Arial, sans-serif;font-size: 16px\">Dzie\u0144 Obni\u017cania Koszt\u00f3w Energii<\/span><br \/>\n<\/span><span style=\"color: #808080;font-size: 14.6667px\">\u2013<\/span><span style=\"color: #808080;font-size: 14.6667px\">\u00a0<\/span><span style=\"color: #808080;font-size: 14.6667px\">Dlaczego i jak powinni\u015bmy oszcz\u0119dza\u0107 energi\u0119?<br \/>\n<\/span><span style=\"color: #05db00;font-size: 14.6667px\"><span style=\"color: #04a400;font-family: Arial, sans-serif\"><span style=\"font-size: 16px\">Recykling \u2013 prace plastyczne z odpad\u00f3w<br \/>\n<\/span><\/span><\/span><span style=\"color: #bdc3c7;font-family: Arial, sans-serif;font-size: 14.6667px\">_________________________________________________________________<\/span><\/p>\n<p style=\"text-align: center\"><span style=\"color: #009bff;font-family: Arial, sans-serif;font-size: 14pt\">WYJ\u015aCIE DO \u017bYWEJ SZOPKI<\/span><\/p>\n<p style=\"text-align: center\"><span style=\"color: #808080;font-size: 14.6667px\">W pi\u0105tek<span style=\"color: #00c95b;font-family: Arial, sans-serif;font-size: 18px\">\u00a03 stycznia <\/span><\/span><span style=\"color: #808080;font-size: 14.6667px\">po \u015bniadaniu<br \/>\ndzieci z wszystkich grup p\u00f3jd\u0105 na wycieczk\u0119 do<br \/>\n<span style=\"color: #00c95b;font-family: Arial, sans-serif;font-size: 18px\">Szopki Bo\u017conarodzeniowej<\/span><br \/>\nprzy ko\u015bciele NMP Matki Pocieszenia (ul. Wittiga).<br \/>\n<\/span><span style=\"color: #bdc3c7;font-family: Arial, sans-serif;font-size: 14.6667px\">_________________________________________________________________<\/span><\/p>\n<p style=\"text-align: center\"><span style=\"color: #ff1d4d;font-family: Arial, sans-serif;font-size: 14pt\">WIGILIA W PRZEDSZKOLU<\/span><\/p>\n<p style=\"text-align: center\"><span style=\"color: #ff0027;font-family: Arial, sans-serif;font-size: 18px\"><span style=\"color: #808080;font-size: 14.6667px\">W dniu<\/span><\/span><span style=\"color: #ff1d4d;font-family: Arial, sans-serif;font-size: 18px\">\u00a019 grudnia <span style=\"color: #808080;font-size: 14.6667px\">(czwartek)<\/span><br \/>\n<\/span><span style=\"color: #808080;font-size: 14.6667px\">odb\u0119dzie si\u0119 w przedszkolu<br \/>\n<\/span><span style=\"color: #00814e;font-family: Arial, sans-serif;font-size: 18px\"><span style=\"color: #00c67e\">spotkanie wigilijne dla dzieci<\/span><br \/>\n<\/span><span style=\"color: #808080;font-size: 14.6667px\">po\u0142\u0105czone z uroczystym obiadem.<\/span><\/p>\n<p style=\"text-align: center\"><span style=\"color: #808080;font-size: 14.6667px\">Prosimy, aby w tym dniu wszystkie dzieci by\u0142y<br \/>\nubrane <strong><span style=\"text-decoration: underline\">na bia\u0142o<\/span><\/strong> (przynajmniej bluzeczka).<br \/>\n<\/span><span style=\"color: #bdc3c7;font-family: Arial, sans-serif;font-size: 14.6667px\">_________________________________________________________________<\/span><\/p>\n<p style=\"text-align: center\"><span style=\"color: #00c67e;font-family: Arial, sans-serif;font-size: 14pt\">OKRES \u015aWI\u0104TECZNY<\/span><\/p>\n<p style=\"text-align: center\"><span style=\"font-size: 14.6667px;color: #808080;font-family: Arial, sans-serif\">Drodzy Rodzice.<br \/>\nBardzo prosimy o\u00a0<\/span><span style=\"color: #ff1d4d;font-family: Arial, sans-serif\"><span style=\"font-size: 14.6667px\">zg\u0142aszanie obecno\u015bci dzieci w Przedszkolu<br \/>\nw okresie \u015bwi\u0105teczno-noworocznym\u00a0<\/span><\/span><span style=\"color: #808080;font-family: Arial, sans-serif;font-size: 14.6667px\">u nauczycieli grup<br \/>\n<\/span><span style=\"color: #808080;font-size: 14.6667px\">do \u015brody 18 grudnia.<br \/>\n<\/span><span style=\"color: #bdc3c7;font-family: Arial, sans-serif;font-size: 14.6667px\">_________________________________________________________________<\/span><\/p>\n<p style=\"text-align: center\"><span style=\"color: #ff0000;font-family: Arial, sans-serif;font-size: 14pt\">ODBI\u00d3R ZDJ\u0118\u0106<\/span><\/p>\n<p style=\"text-align: center\"><span style=\"color: #ff0000;font-family: Arial, sans-serif\"><span style=\"font-size: 20px\"><span style=\"color: #808080;font-family: Tahoma, Helvetica, Arial, sans-serif;font-size: 14.6667px\">W dniu\u00a0<\/span><\/span><\/span><span style=\"color: #ff9700;font-family: Arial, sans-serif;font-size: 18px\">17 grudnia<\/span><span style=\"color: #ff0000;font-family: Arial, sans-serif;font-size: 18px\">\u00a0<\/span><span style=\"color: #808080;font-family: Tahoma, Helvetica, Arial, sans-serif;font-size: 14.6667px\">(wtorek)<br \/>\n<\/span><span style=\"color: #808080;font-size: 14.6667px\">w godzinach\u00a0<\/span><span style=\"color: #ff9700;font-family: Arial, sans-serif;font-size: 18px\">14:30<\/span><span style=\"color: #ff9700;font-family: Arial, sans-serif\"><span style=\"font-size: 18px\">\u2013<\/span><\/span><span style=\"color: #ff9700;font-family: Arial, sans-serif;font-size: 18px\">17:00<\/span><span style=\"color: #808080;font-size: 14.6667px\"><br \/>\n<\/span><span style=\"color: #808080;font-size: 14.6667px\">Pan fotograf b\u0119dzie sprzedawa\u0142\u00a0<\/span><span style=\"color: #808080;font-size: 14.6667px\">w holu przedszkola<\/span><span style=\"color: #808080;font-size: 14.6667px\"><br \/>\n<\/span><span style=\"color: #808080;font-size: 14.6667px\">zdj\u0119cia\u00a0<\/span><span style=\"color: #808080;font-size: 14.6667px\">z sesji\u00a0<\/span><span style=\"color: #808080;font-size: 14.6667px\">miko\u0142ajkowej<\/span><span style=\"color: #808080;font-size: 14.6667px\">\u00a0<\/span><span style=\"color: #808080;font-size: 14.6667px\">oraz dor\u00f3bki kalendarzy.<\/span><\/p>\n<p style=\"text-align: center\"><span style=\"color: #808080;font-size: 14.6667px\">Zainteresowanych Rodzic\u00f3w prosimy o przygotowanie got\u00f3wki.<br \/>\n<\/span><span style=\"color: #bdc3c7;font-family: Arial, sans-serif;font-size: 14.6667px\">_________________________________________________________________<\/span><\/p>\n<p style=\"text-align: center\"><span style=\"color: #ff1d4d;font-family: Arial, sans-serif;font-size: 14pt\">WYJ\u015aCIE DO KINA<br \/>\nGRUPA II i III<\/span><\/p>\n<p style=\"text-align: center\"><span style=\"color: #808080;font-family: Arial, sans-serif\"><span style=\"font-size: 14.6667px\">W dniu<\/span><\/span><span style=\"color: #009bff;font-family: Arial, sans-serif;font-size: 18px\">\u00a013 grudnia 2019<\/span><span style=\"color: #28b463;font-family: Arial, sans-serif;font-size: 16px\">\u00a0<\/span><span style=\"color: #808080;font-size: 14.6667px\">(pi\u0105tek)<br \/>\n<\/span><span style=\"color: #808080;font-family: Arial, sans-serif;font-size: 14.6667px\">dzieci z grupy II i III pojad\u0105 do kina na film<br \/>\n<\/span><span style=\"color: #ff1d4d;font-family: Arial, sans-serif;font-size: 20px\">Kraina Lodu 2<\/span><span style=\"color: #808080;font-family: Arial, sans-serif;font-size: 14.6667px\">.<\/span><\/p>\n<p style=\"text-align: center\"><span style=\"color: #ff1d4d;font-family: Arial, sans-serif;font-size: 18px\"><span style=\"color: #808080;font-size: 14.6667px\">Szczeg\u00f3\u0142y wyj\u015bcia na tablicy og\u0142osze\u0144 w holu.<br \/>\n<\/span><\/span><span style=\"color: #bdc3c7;font-size: 14.6667px;font-family: Arial, sans-serif\">_________________________________________________________________<\/span><\/p>\n<p style=\"text-align: center\"><span style=\"color: #ff003e;font-family: Arial, sans-serif;font-size: 14pt\">KONCERT EDUKACYJNY<\/span><\/p>\n<p style=\"text-align: center\"><span style=\"color: #09bb00;font-family: Arial, sans-serif;font-size: 18px\"><span style=\"color: #ff0000;font-family: Arial, sans-serif;font-size: 18px\"><span style=\"color: #808080;font-size: 14.6667px\"><span style=\"vertical-align: inherit\"><span style=\"vertical-align: inherit\">We wtorek\u00a0<\/span><\/span><\/span><\/span><span style=\"vertical-align: inherit\"><span style=\"vertical-align: inherit\"><span style=\"color: #00b45a\">10 grudnia\u00a0<\/span><\/span><span style=\"vertical-align: inherit\"><span style=\"color: #808080;font-size: 14.6667px\"><span style=\"vertical-align: inherit\"><span style=\"color: #808080;font-family: Arial, sans-serif\"><span style=\"font-size: 14.6667px\">o godzinie <\/span><\/span><span style=\"color: #00b45a;font-family: Arial, sans-serif\"><span style=\"font-size: 18px\">11:30<\/span><\/span><br \/>\n<\/span><\/span><span style=\"color: #808080;font-size: 14.6667px\"><span style=\"vertical-align: inherit\">dzieci z wszystkich grup wezm\u0105 udzia\u0142<br \/>\n<\/span><\/span><span style=\"color: #808080;font-size: 14.6667px\"><span style=\"vertical-align: inherit\">w koncercie edukacyjnym z cyklu<br \/>\n<\/span><\/span><span style=\"color: #ff003e;font-family: Arial, sans-serif;font-size: 20px\"><span style=\"vertical-align: inherit\">Dziadek Bach<\/span><\/span><\/span><\/span><\/span><span style=\"color: #808080;font-family: Arial, sans-serif;font-size: 14.6667px\">.<\/span><\/p>\n<p style=\"text-align: center\"><span style=\"color: #09bb00;font-family: Arial, sans-serif;font-size: 18px\"><span style=\"vertical-align: inherit\"><span style=\"color: #808080;font-size: 14.6667px\"><span style=\"vertical-align: inherit\">Koncert poprowadzi\u00a0<\/span><\/span><span style=\"color: #808080;font-size: 14.6667px\"><span style=\"vertical-align: inherit\">znany wroc\u0142awski\u00a0muzyk,<br \/>\n<\/span><\/span><span style=\"color: #808080;font-size: 14.6667px\"><span style=\"vertical-align: inherit\">tr\u0119bacz i kompozytor\u00a0<\/span><\/span><\/span><\/span><span style=\"color: #00b45a;font-family: Arial, sans-serif;font-size: 18px\">Tadeusz Nestorowicz<span style=\"color: #808080;font-family: Arial, sans-serif;font-size: 14.6667px\">.<br \/>\n<\/span><\/span><span style=\"color: #bdc3c7;font-size: 14.6667px;font-family: Arial, sans-serif\">_________________________________________________________________<\/span><\/p>\n<p style=\"text-align: center\"><span style=\"color: #ff0000;font-family: Arial, sans-serif;font-size: 22px\">SUKCES!<\/span><\/p>\n<p style=\"text-align: center\"><span style=\"color: #808080;font-size: 14.6667px\">Z rado\u015bci\u0105 informujemy, \u017ce nasze przedszkole zaj\u0119\u0142o<br \/>\n<span style=\"color: #ff0000;font-family: Arial, sans-serif;font-size: 18px\">II miejsce<br \/>\n<\/span>w XVI edycji konkursu<br \/>\n<a style=\"font-size: 12.16px\" href=\"http:\/\/tmw.com.pl\/2019\/11\/07\/regulaminy-wnw\/\" target=\"blank\" rel=\"noopener\"><span style=\"color: #ff0000;font-family: Arial, sans-serif;font-size: 18px\">Przedszkolna Nagroda Wroc\u0142awia<\/span><\/a><span style=\"font-size: 14.6667px\"><br \/>\n<\/span>pod patronatem Prezydenta Miasta.<\/span><\/p>\n<p style=\"text-align: center\"><span style=\"color: #808080;font-size: 14.6667px\">W konkursie bra\u0142o udzia\u0142 68 wroc\u0142awskich przedszkoli.<br \/>\nSzczeg\u00f3\u0142owe wyniki\u00a0<\/span><a style=\"font-size: 14.6667px\" href=\"https:\/\/tmw.com.pl\/konkursy\/wielka-nagroda-wroclawia\/\" target=\"_blank\" rel=\"noopener\"><span style=\"color: #009bff;font-family: Arial, sans-serif;font-size: 14.6667px\">tutaj<\/span><\/a><span style=\"color: #808080;font-size: 14.6667px\">.<br \/>\n<\/span><span style=\"color: #bdc3c7;font-family: Arial, sans-serif;font-size: 14.6667px\">_________________________________________________________________<\/span><\/p>\n<p style=\"text-align: center\"><span style=\"color: #ff0000;font-family: Arial, sans-serif;font-size: 14pt\">WIZYTA MIKO\u0141AJA<\/span><\/p>\n<p style=\"text-align: center\"><span style=\"color: #808080\"><span style=\"font-size: 14.6667px\">W dniu<\/span><\/span><span style=\"color: #28b463;font-family: Arial, sans-serif;font-size: 18px\">\u00a06 grudnia 2019 <\/span><span style=\"color: #808080;font-size: 14.6667px\">(pi\u0105tek)<\/span><span style=\"color: #28b463;font-family: Arial, sans-serif;font-size: 16px\"><br \/>\n<\/span><span style=\"color: #808080;font-size: 14.6667px\">nasze przedszkole odwiedzi<br \/>\n<\/span><span style=\"color: #ff0000;font-family: Arial, sans-serif;font-size: 18px\">Miko\u0142aj \ud83d\ude42<\/span><\/p>\n<p style=\"text-align: center\"><span style=\"color: #808080\"><span style=\"font-size: 14.6667px\">W tym dniu dzieci b\u0119d\u0105 mia\u0142y robione<br \/>\n<\/span><\/span><span style=\"color: #ff0000;font-family: Arial, sans-serif;font-size: 18px\">zdj\u0119cia z Miko\u0142ajem<\/span><span style=\"font-size: 14.6667px;color: #808080\"><br \/>\n<\/span><span style=\"font-size: 14.6667px;color: #808080\">grupowe oraz indywidualne.<br \/>\n<\/span><span style=\"font-size: 14.6667px;color: #808080\">Cena: 17 z\u0142 \/ komplet<\/span><\/p>\n<p style=\"text-align: center\"><span style=\"color: #28b463;font-family: Arial, sans-serif;font-size: 16px\">UWAGA: obowi\u0105zuj\u0105 zapisy na zdj\u0119cia!<br \/>\n<\/span><span style=\"color: #808080;font-size: 14.6667px\">Prosimy o wpisywanie dzieci na listy (w holu)\u00a0<\/span><span style=\"font-size: 14.6667px;color: #808080\">do \u015brody 4 grudnia.<br \/>\nDzieci nie wpisane na list\u0119 nie b\u0119d\u0105 mia\u0142y wykonanych zdj\u0119\u0107.<br \/>\n<\/span><span style=\"color: #808080;font-family: Arial, sans-serif;font-size: 18px\"><span style=\"color: #bdc3c7;font-size: 14.6667px\">_________________________________________________________________<\/span><\/span><\/p>\n<p style=\"text-align: center\"><span style=\"color: #ff1d4d;font-family: Arial, sans-serif;font-size: 14pt\">WIGILIJNA PACZKA DLA LWOWA<\/span><\/p>\n<p style=\"text-align: center\"><span style=\"color: #808080;font-family: Arial, sans-serif\"><span style=\"font-size: 14.6667px\">Drodzy Rodzice.<br \/>\n<\/span><\/span><span style=\"font-size: 14.6667px;color: #808080;font-family: Arial, sans-serif\">Gor\u0105co zach\u0119camy do udzia\u0142u w wyj\u0105tkowej akcji charytatywnej,<br \/>\nw kt\u00f3rej bierze udzia\u0142 nasze przedszkole:<br \/>\n<\/span><span style=\"color: #009bff;font-family: Arial, sans-serif;font-size: 18px\">&#8222;Wigilijna paczka dla Lwowa&#8221;<\/span><span style=\"color: #808080;font-family: Arial, sans-serif;font-size: 14.6667px\">.<\/span><\/p>\n<p style=\"text-align: center\"><span style=\"color: #808080;font-family: Arial, sans-serif;font-size: 14.6667px\">Organizatorem akcji jest Fundacja\u00a0<\/span><span style=\"color: #808080;font-family: Arial, sans-serif;font-size: 14.6667px\">Dortmundzko-Wroc\u0142awsko-Lwowska im. \u015bw. Jadwigi.<\/span><\/p>\n<p style=\"text-align: center\"><span style=\"color: #808080;font-family: Arial, sans-serif;font-size: 14.6667px\">Akcja polega na\u00a0<\/span><span style=\"color: #009bff;font-family: Arial, sans-serif;font-size: 14.6667px\">zbi\u00f3rce dar\u00f3w \u015bwi\u0105tecznych\u00a0<\/span><span style=\"color: #009bff;font-family: Arial, sans-serif;font-size: 14.6667px\">dla naszych rodak\u00f3w ze Lwowa<\/span><span style=\"color: #808080;font-family: Arial, sans-serif;font-size: 14.6667px\">.<\/span><\/p>\n<p style=\"text-align: center\"><span style=\"text-decoration: underline\"><span style=\"font-family: Arial, sans-serif;font-size: 18px\"><span style=\"color: #ff1d4d;text-decoration: underline\">ZBIERAMY:<\/span><\/span><\/span><span style=\"color: #808080;font-family: Arial, sans-serif\"><span style=\"font-size: 14.6667px\"><br \/>\n<\/span><\/span><span style=\"font-size: 14.6667px;color: #808080;font-family: Arial, sans-serif\">\u2013 \u017cywno\u015b\u0107 trwa\u0142\u0105<br \/>\n<\/span><span style=\"font-size: 14.6667px;color: #808080;font-family: Arial, sans-serif\">\u2013 \u015brodki czysto\u015bci<br \/>\n<\/span><span style=\"font-size: 14.6667px;color: #808080;font-family: Arial, sans-serif\">\u2013 zabawki<\/span><\/p>\n<p style=\"text-align: center\"><span style=\"color: #808080;font-family: Arial, sans-serif\"><span style=\"font-size: 14.6667px\">Akcja trwa w naszym przedszkolu\u00a0<\/span><\/span><span style=\"font-size: 14.6667px;color: #808080;font-family: Arial, sans-serif\">do<\/span><span style=\"color: #009bff;font-family: Arial, sans-serif;font-size: 18px\">\u00a05 grudnia<\/span><span style=\"font-size: 14.6667px;color: #808080;font-family: Arial, sans-serif\">\u00a02019 r.<\/span><\/p>\n<p style=\"text-align: center\"><span style=\"color: #808080;font-family: Arial, sans-serif\"><span style=\"font-size: 14.6667px\">Przyniesione przez Pa\u0144stwa dary trafi\u0105 do:<br \/>\n<\/span><\/span><span style=\"font-size: 14.6667px;color: #808080;font-family: Arial, sans-serif\">\u2013 Domowego Hospicjum przy Katedrze Lwowskiej<br \/>\n<\/span><span style=\"color: #808080;font-family: Arial, sans-serif;font-size: 14.6667px\">\u2013 Domu Mi\u0142osierdzia im. \u015bw. Zygmunta Gorazdowskiego<br \/>\n<\/span><span style=\"font-size: 14.6667px;color: #808080;font-family: Arial, sans-serif\">w Brzuchowicach pod Lwowem<br \/>\n<\/span><span style=\"color: #808080;font-family: Arial, sans-serif;font-size: 14.6667px\">\u2013 potrzebuj\u0105cych rodzin ze Lwowa i innych miejscowo\u015bci<\/span><\/p>\n<p style=\"text-align: center\"><span style=\"color: #ff0000;font-family: Arial, sans-serif;font-size: 18px\"><span style=\"color: #808080;font-size: 14.6667px\">Serdecznie dzi\u0119kujemy z pomoc!<br \/>\n<\/span><\/span><span style=\"color: #bdc3c7;font-size: 14.6667px;font-family: Arial, sans-serif\">_________________________________________________________________<\/span><\/p>\n<p style=\"text-align: center\"><span style=\"color: #009bff;font-family: Arial, sans-serif;font-size: 14pt\">FESTIWAL ZDROWIA<\/span><\/p>\n<p style=\"text-align: center\"><span style=\"color: #808080;font-size: 14.6667px\">W dniu<\/span><span style=\"color: #00c95b;font-family: Arial, sans-serif;font-size: 18px\">\u00a027 listopada <\/span><span style=\"color: #808080;font-size: 14.6667px\">(\u015broda)<br \/>\ndzieci z grupy III\u00a0pojad\u0105 na<br \/>\n<span style=\"color: #009bff;font-family: Arial, sans-serif;font-size: 18px\">Festiwal zdrowej piosenki<span style=\"color: #808080;font-family: Tahoma, Helvetica, Arial, sans-serif;font-size: 14.6667px\"><br \/>\nkt\u00f3ry odb\u0119dzie si\u0119<br \/>\nw Przedszkolu nr 109 przy ul. Nowowiejskiej<br \/>\n<\/span><span style=\"color: #808080;font-family: Tahoma, Helvetica, Arial, sans-serif;font-size: 14.6667px\">w ramach XI Festiwalu Zdrowia.<br \/>\nSzczeg\u00f3\u0142y na tablicy og\u0142osze\u0144.<br \/>\n<\/span><\/span><\/span><span style=\"color: #bdc3c7;font-family: Arial, sans-serif;font-size: 14.6667px\">_________________________________________________________________<\/span><\/p>\n<p style=\"font-size: 12.16px\" align=\"center\"><span style=\"color: #ff0000;font-family: Arial, sans-serif;font-size: 14pt\">PASOWANIE NA PRZEDSZKOLAKA<\/span><\/p>\n<p style=\"text-align: center\"><span style=\"color: #ff0000;font-family: Arial, sans-serif\"><span style=\"font-size: 20px\"><span style=\"color: #808080;font-family: Tahoma, Helvetica, Arial, sans-serif;font-size: 14.6667px\">Serdecznie zapraszamy rodzic\u00f3w dzieci z grupy I &#8222;Je\u017cyki&#8221;<br \/>\nna uroczysto\u015b\u0107<br \/>\n<\/span><span style=\"color: #ff9700;font-size: 18px\">Pasowania na przedszkolaka<span style=\"color: #808080;font-size: 14.6667px\">,<\/span><br \/>\n<\/span><span style=\"color: #808080;font-family: Tahoma, Helvetica, Arial, sans-serif;font-size: 14.6667px\">kt\u00f3ra odb\u0119dzie si\u0119<br \/>\nw \u015brod\u0119<\/span><\/span><\/span><span style=\"color: #ff0000;font-family: Arial, sans-serif;font-size: 18px\">\u00a027 listopada <\/span><span style=\"color: #808080;font-size: 14.6667px\">o godzinie<\/span><span style=\"font-family: Tahoma, Helvetica, Arial, sans-serif;color: #808080;font-size: 14.6667px\">\u00a0<\/span><span style=\"color: #ff0000;font-family: Arial, sans-serif;font-size: 18px\">15:15<br \/>\n<\/span><span style=\"color: #808080;font-size: 14.6667px\">w sali grupy II (I pi\u0119tro).<br \/>\n<\/span><span style=\"color: #808080;font-size: 14.6667px\">W programie planowany jest wyst\u0119p dzieci<br \/>\n<\/span><span style=\"color: #ff0000;font-family: Arial, sans-serif;font-size: 18px\"><span style=\"color: #808080;font-family: Tahoma, Helvetica, Arial, sans-serif;font-size: 14.6667px\">pt.\u00a0<\/span><\/span><span style=\"color: #bf6133;font-family: Arial, sans-serif;font-size: 18px\">&#8222;Bal grzyb\u00f3w&#8221;<\/span><span style=\"color: #808080;font-size: 14.6667px\">.<br \/>\n<\/span><span style=\"color: #bdc3c7;font-size: 14.6667px;font-family: Arial, sans-serif\">_________________________________________________________________<\/span><\/p>\n<p style=\"text-align: center\"><span style=\"color: #ff0000;font-family: Arial, sans-serif;font-size: 14pt\">ODBI\u00d3R ZDJ\u0118\u0106 I KALENDARZY<\/span><\/p>\n<p style=\"text-align: center\"><span style=\"color: #ff0000;font-family: Arial, sans-serif\"><span style=\"font-size: 20px\"><span style=\"color: #808080;font-family: Tahoma, Helvetica, Arial, sans-serif;font-size: 14.6667px\">W dniu<\/span><\/span><\/span><span style=\"color: #00b45a;font-family: Arial, sans-serif;font-size: 18px\">\u00a026 listopada<\/span><span style=\"color: #ff0000;font-family: Arial, sans-serif;font-size: 18px\">\u00a0<\/span><span style=\"color: #808080;font-family: Tahoma, Helvetica, Arial, sans-serif;font-size: 14.6667px\">(wtorek)<br \/>\n<\/span><span style=\"color: #808080;font-size: 14.6667px\">w godzinach\u00a0<\/span><span style=\"color: #00b45a;font-family: Arial, sans-serif;font-size: 18px\">14:00<\/span><span style=\"color: #00b45a;font-family: Arial, sans-serif\"><span style=\"font-size: 18px\">\u2013<\/span><\/span><span style=\"color: #00b45a;font-family: Arial, sans-serif;font-size: 18px\">17:00\u00a0<\/span><span style=\"color: #808080;font-size: 14.6667px\">w holu przedszkola<br \/>\n<\/span><span style=\"color: #808080;font-size: 14.6667px\">b\u0119dzie mo\u017cna\u00a0odebra\u0107 zdj\u0119cia\u00a0od\u00a0<\/span><span style=\"color: #808080;font-size: 14.6667px\">Pana<\/span><span style=\"color: #808080;font-size: 14.6667px\">\u00a0<\/span><span style=\"color: #808080;font-size: 14.6667px\">fotografa.<\/span><\/p>\n<p style=\"text-align: center\"><span style=\"color: #808080;font-size: 14.6667px\">Zainteresowanych Rodzic\u00f3w prosimy o przygotowanie got\u00f3wki.<br \/>\n<\/span><span style=\"color: #bdc3c7;font-size: 14.6667px;font-family: Arial, sans-serif\">_________________________________________________________________<\/span><\/p>\n<p style=\"text-align: center\"><span style=\"color: #bf6133;font-family: Arial, sans-serif;font-size: 14pt\">DZIE\u0143 PLUSZOWEGO MISIA<\/span><\/p>\n<p style=\"text-align: center\"><span style=\"color: #808080;font-size: 14.6667px\">W poniedzia\u0142ek<\/span><span style=\"color: #ff9700;font-family: Arial, sans-serif;font-size: 18px\">\u00a025 listopada <\/span><span style=\"color: #808080;font-size: 14.6667px\">b\u0119dziemy<br \/>\nobchodzi\u0107 w przedszkolu<br \/>\n<span style=\"color: #bf6133;font-family: Arial, sans-serif;font-size: 18px\">\u015awiatowy Dzie\u0144 Pluszowego Misia<\/span>.<br \/>\n<\/span><span style=\"color: #808080;font-size: 14.6667px\">Prosimy, aby w tym dniu ka\u017cde dziecko<br \/>\n<\/span><span style=\"color: #808080;font-size: 14.6667px\">przynios\u0142o\u00a0<\/span><span style=\"color: #808080;font-size: 14.6667px\">do przedszkola\u00a0<\/span><span style=\"font-size: 14.6667px;color: #808080\">swojego<br \/>\n<\/span><span style=\"color: #808080;font-size: 14.6667px\"><span style=\"color: #ff9700;font-family: Arial, sans-serif;font-size: 18px\">ulubionego misia<\/span>.<br \/>\n<\/span><span style=\"color: #808080;font-size: 14.6667px\">B\u0119dziemy si\u0119 wsp\u00f3lnie bawi\u0107 i uczy\u0107 \ud83d\ude42<br \/>\n<\/span><span style=\"color: #bdc3c7;font-family: Arial, sans-serif;font-size: 14.6667px\">_________________________________________________________________<\/span><\/p>\n<p style=\"text-align: center\"><span style=\"color: #ff003e;font-family: Arial, sans-serif;font-size: 14pt\">KONCERT EDUKACYJNY<\/span><\/p>\n<p style=\"text-align: center\"><span style=\"color: #09bb00;font-family: Arial, sans-serif;font-size: 18px\"><span style=\"color: #ff0000;font-family: Arial, sans-serif;font-size: 18px\"><span style=\"color: #808080;font-size: 14.6667px\"><span style=\"vertical-align: inherit\"><span style=\"vertical-align: inherit\">We wtorek\u00a0<\/span><\/span><\/span><\/span><span style=\"vertical-align: inherit\"><span style=\"vertical-align: inherit\"><span style=\"color: #00b45a\">19 listopada\u00a0<\/span><\/span><span style=\"vertical-align: inherit\"><span style=\"color: #808080;font-size: 14.6667px\"><span style=\"vertical-align: inherit\">o godzinie<span style=\"font-size: 12.16px;color: #808080;font-family: Arial, sans-serif\"><span style=\"font-size: 14.6667px\">\u00a0<\/span><\/span><span style=\"font-size: 12.16px;color: #00b45a;font-family: Arial, sans-serif\"><span style=\"font-size: 18px\">11:30<\/span><\/span><br \/>\n<\/span><\/span><span style=\"color: #808080;font-size: 14.6667px\"><span style=\"vertical-align: inherit\">dzieci z wszystkich grup wezm\u0105 udzia\u0142<br \/>\n<\/span><\/span><span style=\"color: #808080;font-size: 14.6667px\"><span style=\"vertical-align: inherit\">w koncercie edukacyjnym z cyklu<br \/>\n<\/span><\/span><span style=\"color: #ff003e;font-family: Arial, sans-serif;font-size: 20px\"><span style=\"vertical-align: inherit\">Dziadek Bach<\/span><\/span><\/span><\/span><\/span><span style=\"color: #808080;font-family: Arial, sans-serif;font-size: 14.6667px\">.<br \/>\n<\/span><span style=\"color: #09bb00;font-family: Arial, sans-serif;font-size: 18px\"><span style=\"vertical-align: inherit\"><span style=\"color: #808080;font-size: 14.6667px\"><span style=\"vertical-align: inherit\">Koncert poprowadzi\u00a0<\/span><\/span><span style=\"color: #808080;font-size: 14.6667px\"><span style=\"vertical-align: inherit\">znany wroc\u0142awski\u00a0muzyk,<br \/>\n<\/span><\/span><span style=\"color: #808080;font-size: 14.6667px\"><span style=\"vertical-align: inherit\">tr\u0119bacz i kompozytor\u00a0<\/span><\/span><\/span><\/span><span style=\"color: #00b45a;font-family: Arial, sans-serif;font-size: 18px\">Tadeusz Nestorowicz<br \/>\n<\/span><span style=\"color: #ff0000;font-family: Arial, sans-serif;font-size: 18px\"><span style=\"color: #bdc3c7;font-size: 14.6667px\">_________________________________________________________________<\/span><\/span><\/p>\n<p style=\"text-align: center\"><span style=\"font-size: 14pt;color: #ff0000;font-family: Arial, sans-serif\">SESJA ZDJ\u0118CIOWA<\/span><\/p>\n<p style=\"text-align: center\"><span style=\"color: #808080;font-size: 14.6667px\"><span style=\"color: #ff0000;font-family: Arial, sans-serif;font-size: 18px\"><span style=\"font-family: Tahoma, Helvetica, Arial, sans-serif;color: #808080;font-size: 14.6667px\">W \u015brod\u0119\u00a0<\/span>13 listopada\u00a0<\/span><span style=\"font-size: 14.6667px\">b\u0119d\u0105 wykonywane<br \/>\nwszystkim dzieciom<br \/>\n<\/span><\/span><span style=\"color: #ff9700;font-family: Arial, sans-serif;font-size: 18px\">zdj\u0119cia do kalendarza na rok 2020<span style=\"color: #808080;font-family: Tahoma, Helvetica, Arial, sans-serif;font-size: 14.6667px\">.<\/span><br \/>\n<\/span><span style=\"color: #808080;font-size: 14.6667px\">Cena kalendrza: 33 z\u0142.<\/span><\/p>\n<p style=\"text-align: center\">W tym samym dniu dla grupy najm\u0142odszej odb\u0119dzie si\u0119<br \/>\n<span style=\"color: #ff9700;font-family: Arial, sans-serif;font-size: 18px\">dodatkowa sesja zdj\u0119ciowa z okazji pasowania<\/span><span style=\"font-size: 14.6667px\">.<\/span><span style=\"color: #ff9700;font-family: Arial, sans-serif;font-size: 18px\"><br \/>\n<\/span><span style=\"color: #808080;font-size: 14.6667px\">Cena: 24 z\u0142.<\/span><\/p>\n<p style=\"text-align: center\">Zakup zdj\u0119\u0107 od fotografa jest dobrowolny.<br \/>\nW sprzeda\u017cy wy\u0142\u0105cznie ca\u0142e komplety.<\/p>\n<p style=\"text-align: center\">Je\u015bli nie wyra\u017caj\u0105 Pa\u0144stwo zgody na wykonanie dziecku zdj\u0119cia,<br \/>\nprosimy to zg\u0142osi\u0107 do Pa\u0144 nauczycielek w grupie.<br \/>\n<span style=\"color: #ff0000;font-family: Arial, sans-serif;font-size: 18px\"><span style=\"color: #bdc3c7;font-size: 14.6667px\">_________________________________________________________________<\/span><\/span><\/p>\n<p style=\"text-align: center\"><span style=\"font-size: 14pt\"><span style=\"color: #009bff;font-family: Arial, sans-serif\"><span style=\"color: #bf6133;font-family: Arial, sans-serif\">JESIENNY SPACER DO PARKU<br \/>\n<\/span><\/span><span style=\"color: #bf6133;font-family: Arial, sans-serif\">GRUPA II<\/span><\/span><\/p>\n<p style=\"text-align: center\"><span style=\"color: #808080;font-size: 14.6667px\">W czwartek<span style=\"color: #00c95b;font-family: Arial, sans-serif;font-size: 18px\">\u00a024 pa\u017adziernika <\/span><\/span><span style=\"color: #808080;font-size: 14.6667px\">po \u015bniadaniu<br \/>\ndzieci z grupy II p\u00f3jd\u0105 na spacer do Parku D\u0105bskiego<br \/>\nw poszukiwaniu skarb\u00f3w jesieni.<br \/>\n<\/span><span style=\"color: #bdc3c7;font-family: Arial, sans-serif;font-size: 14.6667px\">_________________________________________________________________<\/span><\/p>\n<p style=\"text-align: center\"><span style=\"color: #ff003e;font-family: Arial, sans-serif;font-size: 14pt\">KONCERT EDUKACYJNY<\/span><\/p>\n<p style=\"text-align: center\"><span style=\"color: #09bb00;font-family: Arial, sans-serif;font-size: 18px\"><span style=\"color: #ff0000;font-family: Arial, sans-serif;font-size: 18px\"><span style=\"color: #808080;font-size: 14.6667px\"><span style=\"vertical-align: inherit\"><span style=\"vertical-align: inherit\">We wtorek\u00a0<\/span><\/span><\/span><\/span><span style=\"vertical-align: inherit\"><span style=\"vertical-align: inherit\"><span style=\"color: #00b45a\">15 pa\u017adziernika\u00a0<\/span><\/span><span style=\"vertical-align: inherit\"><span style=\"color: #808080;font-size: 14.6667px\"><span style=\"vertical-align: inherit\">o godzinie<span style=\"font-size: 12.16px;color: #808080;font-family: Arial, sans-serif\"><span style=\"font-size: 14.6667px\">\u00a0<\/span><\/span><span style=\"font-size: 12.16px;color: #00b45a;font-family: Arial, sans-serif\"><span style=\"font-size: 18px\">11:30<\/span><\/span><br \/>\n<\/span><\/span><span style=\"color: #808080;font-size: 14.6667px\"><span style=\"vertical-align: inherit\">dzieci z wszystkich grup wezm\u0105 udzia\u0142<br \/>\n<\/span><\/span><span style=\"color: #808080;font-size: 14.6667px\"><span style=\"vertical-align: inherit\">w koncercie edukacyjnym z cyklu<br \/>\n<\/span><\/span><span style=\"color: #ff003e;font-family: Arial, sans-serif;font-size: 20px\"><span style=\"vertical-align: inherit\">Dziadek Bach<\/span><\/span><\/span><\/span><\/span><span style=\"color: #808080;font-family: Arial, sans-serif;font-size: 14.6667px\">.<\/span><\/p>\n<p style=\"text-align: center\"><span style=\"color: #09bb00;font-family: Arial, sans-serif;font-size: 18px\"><span style=\"vertical-align: inherit\"><span style=\"color: #808080;font-size: 14.6667px\"><span style=\"vertical-align: inherit\">Koncert poprowadzi\u00a0<\/span><\/span><span style=\"color: #808080;font-size: 14.6667px\"><span style=\"vertical-align: inherit\">znany wroc\u0142awski\u00a0muzyk,<br \/>\n<\/span><\/span><span style=\"color: #808080;font-size: 14.6667px\"><span style=\"vertical-align: inherit\">tr\u0119bacz i kompozytor\u00a0<\/span><\/span><\/span><\/span><span style=\"color: #00b45a;font-family: Arial, sans-serif;font-size: 18px\">Tadeusz Nestorowicz<span style=\"color: #808080;font-family: Arial, sans-serif;font-size: 14.6667px\">.<br \/>\n<\/span><\/span><span style=\"color: #ff0000;font-family: Arial, sans-serif;font-size: 18px\"><span style=\"color: #bdc3c7;font-size: 14.6667px\">_________________________________________________________________<\/span><\/span><\/p>\n<p style=\"text-align: center\"><span style=\"color: #ff003e;font-family: Arial, sans-serif;font-size: 14pt\">ZEBRANIE Z RODZICAMI<\/span><\/p>\n<p style=\"text-align: center\"><span style=\"font-size: 14.6667px;color: #808080;font-family: Arial, sans-serif\"><span style=\"font-size: 14.6667px;color: #808080;font-family: Arial, sans-serif\"><span style=\"font-size: 14.6667px\">Zebranie<\/span>\u00a0organizacyjne dla rodzic\u00f3w\u00a0<\/span><span style=\"font-size: 14.6667px;color: #808080;font-family: Arial, sans-serif\">odb\u0119dzie si\u0119<br \/>\n<\/span>w \u015brod\u0119\u00a0<\/span><span style=\"color: #ff0000;font-family: Arial, sans-serif;font-size: 18px\"><span style=\"color: #ff003e\">18 wrze\u015bnia<\/span>\u00a0<\/span><span style=\"color: #808080;font-size: 14.6667px\">o godzinie\u00a0<\/span><span style=\"font-size: 14.6667px;color: #808080\"><span style=\"color: #ff003e;font-family: Arial, sans-serif;font-size: 18px\">17:00<\/span>.<\/span><\/p>\n<p style=\"text-align: center\"><span style=\"font-size: 14.6667px;color: #808080\"><span style=\"font-family: Arial, sans-serif;font-size: 14.6667px\">Pierwsz\u0105 cz\u0119\u015b\u0107 zabrania poprowadzi\u00a0dyrektor przedszkola,<br \/>\n<\/span><span style=\"font-family: Arial, sans-serif;font-size: 14.6667px\">a nast\u0119pnie odb\u0119d\u0105 si\u0119\u00a0spotkania\u00a0z nauczycielami w salach poszczeg\u00f3lnych grup<\/span><\/span><span style=\"color: #808080;font-family: Arial, sans-serif;font-size: 14.6667px\">.<br \/>\n<\/span><span style=\"color: #808080;font-family: Arial, sans-serif;font-size: 14.6667px\">Serdecznie zapraszamy wszystkich rodzic\u00f3w.<br \/>\n<\/span><span style=\"color: #808080;font-family: Arial, sans-serif;font-size: 18px\"><span style=\"color: #bdc3c7;font-size: 14.6667px\">_________________________________________________________________<\/span><\/span><\/p>\n<p style=\"text-align: center\"><span style=\"color: #ff003e;font-family: Arial, sans-serif;font-size: 14pt\">KONCERT EDUKACYJNY<\/span><\/p>\n<p style=\"text-align: center\"><span style=\"color: #09bb00;font-family: Arial, sans-serif;font-size: 18px\"><span style=\"color: #ff0000;font-family: Arial, sans-serif;font-size: 18px\"><span style=\"color: #808080;font-size: 14.6667px\"><span style=\"vertical-align: inherit\"><span style=\"vertical-align: inherit\">We wtorek\u00a0<\/span><\/span><\/span><\/span><span style=\"vertical-align: inherit\"><span style=\"vertical-align: inherit\"><span style=\"color: #00b45a\">17 wrze\u015bnia\u00a0<\/span><\/span><span style=\"vertical-align: inherit\"><span style=\"color: #808080;font-size: 14.6667px\"><span style=\"vertical-align: inherit\">o godzinie<span style=\"font-size: 12.16px;color: #808080;font-family: Arial, sans-serif\"><span style=\"font-size: 14.6667px\">\u00a0<\/span><\/span><span style=\"font-size: 12.16px;color: #00b45a;font-family: Arial, sans-serif\"><span style=\"font-size: 18px\">11:30<\/span><\/span><br \/>\n<\/span><\/span><span style=\"color: #808080;font-size: 14.6667px\"><span style=\"vertical-align: inherit\">dzieci z wszystkich grup wezm\u0105 udzia\u0142<br \/>\n<\/span><\/span><span style=\"color: #808080;font-size: 14.6667px\"><span style=\"vertical-align: inherit\">w koncercie edukacyjnym z cyklu<br \/>\n<\/span><\/span><span style=\"color: #ff003e;font-family: Arial, sans-serif;font-size: 20px\"><span style=\"vertical-align: inherit\">Dziadek Bach<\/span><\/span><\/span><\/span><\/span><span style=\"color: #808080;font-family: Arial, sans-serif;font-size: 14.6667px\">.<\/span><\/p>\n<p style=\"text-align: center\"><span style=\"color: #09bb00;font-family: Arial, sans-serif;font-size: 18px\"><span style=\"vertical-align: inherit\"><span style=\"color: #808080;font-size: 14.6667px\"><span style=\"vertical-align: inherit\">Koncert poprowadzi\u00a0<\/span><\/span><span style=\"color: #808080;font-size: 14.6667px\"><span style=\"vertical-align: inherit\">znany wroc\u0142awski\u00a0muzyk,<br \/>\n<\/span><\/span><span style=\"color: #808080;font-size: 14.6667px\"><span style=\"vertical-align: inherit\">tr\u0119bacz i kompozytor\u00a0<\/span><\/span><\/span><\/span><span style=\"color: #00b45a;font-family: Arial, sans-serif;font-size: 18px\">Tadeusz Nestorowicz<span style=\"color: #808080;font-family: Arial, sans-serif;font-size: 14.6667px\">.<br \/>\n<\/span><\/span><span style=\"color: #ff0000;font-family: Arial, sans-serif;font-size: 18px\"><span style=\"color: #bdc3c7;font-size: 14.6667px\">_________________________________________________________________<\/span><\/span><\/p>\n<p style=\"text-align: center\"><span style=\"color: #ff0000;font-family: Arial, sans-serif;font-size: 14pt\">DNI ADAPTACYJNE<\/span><\/p>\n<p style=\"text-align: center\"><span style=\"color: #808080;font-size: 11pt\">Serdecznie zapraszamy<br \/>\n<\/span><span style=\"font-size: 16px;color: #28b463;font-family: Arial, sans-serif\">dzieci nowo przyj\u0119te do naszego przedszkola<br \/>\n<\/span><span style=\"color: #808080;font-size: 14.6667px\">wraz z Rodzicami<\/span><span style=\"color: #28b463;font-family: Arial, sans-serif;font-size: 16px\"><br \/>\n<\/span><span style=\"color: #808080;font-size: 14.6667px\">w dniach<\/span><span style=\"font-size: 16px;color: #ff0000;font-family: Arial, sans-serif\">\u00a029.08.2019 <\/span><span style=\"color: #808080;font-size: 14.6667px\">(czwartek)\u00a0<\/span><span style=\"color: #808080;font-size: 14.6667px\">i<\/span><span style=\"font-size: 16px;color: #ff0000;font-family: Arial, sans-serif\">\u00a030.08.2019 <span style=\"color: #808080;font-size: 14.6667px\">(pi\u0105tek)<br \/>\n<\/span><\/span><span style=\"color: #808080;font-size: 14.6667px\">w godzinach<\/span><span style=\"font-size: 16px;color: #ff0000;font-family: Arial, sans-serif\">\u00a0od 9:00 do 11:30<\/span><span style=\"font-size: 12.16px\">.<\/span><\/p>\n<p style=\"text-align: center\"><span style=\"color: #808080;font-size: 14.6667px\">Dzieci i Rodzice b\u0119d\u0105 mieli mo\u017cliwo\u015b\u0107 pozna\u0107 nauczycieli, siebie nawzajem,<br \/>\n<\/span><span style=\"color: #808080;font-size: 14.6667px\">wzi\u0105\u0107 udzia\u0142 w zabawach\u00a0<\/span><span style=\"color: #808080;font-size: 14.6667px\">integracyjnych oraz zwiedzi\u0107 plac\u00f3wk\u0119<\/span><\/p>\n<p style=\"text-align: center\"><span style=\"font-size: 16px;color: #9ccc65;font-family: Arial, sans-serif\">Dzieci mog\u0105 zabra\u0107 ze sob\u0105 swoj\u0105 ulubion\u0105\u00a0maskotk\u0119.<\/span><\/p>\n<p style=\"text-align: center\"><span style=\"font-size: 16px;color: #28b463;font-family: Arial, sans-serif\">Prosimy o przyniesienie obuwia zmiennego.<br \/>\n<\/span><span style=\"color: #808080;font-family: Arial, sans-serif;font-size: 18px\"><span style=\"color: #bdc3c7;font-size: 14.6667px\">_________________________________________________________________<\/span><\/span><\/p>\n<p style=\"text-align: center\"><span style=\"color: #00af3d;font-family: Arial, sans-serif;font-size: 14pt\">SPOTKANIE Z PSYCHOLOGIEM<\/span><\/p>\n<p style=\"text-align: center\"><span style=\"color: #808080\"><span style=\"font-size: 14.6667px\">W\u00a0<span style=\"font-size: 14.6667px\">czwartek<\/span><span style=\"font-size: 14pt\">\u00a0<\/span><\/span><\/span><span style=\"font-size: 14pt\"><span style=\"color: #ff0000;font-family: Arial, sans-serif\">29.08.2019<\/span><span style=\"color: #808080\">\u00a0<\/span><\/span><span style=\"color: #808080;font-size: 14.6667px\">o godzinie<span style=\"font-size: 14pt\">\u00a0<\/span><\/span><span style=\"color: #ff0000;font-family: Arial, sans-serif;font-size: 16px\"><span style=\"font-size: 14pt\">16:00<\/span><br \/>\n<\/span><span style=\"color: #808080;font-size: 14.6667px\">odb\u0119dzie si\u0119 spotkanie rodzic\u00f3w dzieci nowo przyj\u0119tych<br \/>\n<\/span><span style=\"color: #808080;font-size: 14.6667px\">z nauczycielem grupy oraz psychologiem.<br \/>\n<\/span><span style=\"color: #808080;font-size: 11pt\">Tematem spotkania b\u0119dzie<br \/>\n<\/span><span style=\"color: #808080;font-size: 14.6667px\"><span style=\"color: #9ccc65;font-family: Arial, sans-serif;font-size: 16px\">Adaptacja dziecka w przedszkolu<\/span>.<\/span><span style=\"font-size: 12.16px\">\u00a0<\/span><\/p>\n<p style=\"text-align: center\"><span style=\"color: #808080\"><span style=\"font-size: 14.6667px\">Prosimy o przyj\u015bcie na spotkanie bez dzieci.<\/span><\/span><\/p>\n<p>[\/vc_column_text][\/vc_column][vc_column width=&#8221;1\/4&#8243;][\/vc_column][\/vc_row]<\/p>\n<\/div>","protected":false},"excerpt":{"rendered":"<p>[vc_row][vc_column width=&#8221;1\/4&#8243;][\/vc_column][vc_column width=&#8221;1\/2&#8243;][vc_column_text] PRZERWA WAKACYJNA W PRZEDSZKOLU NR 54 \u00a0Drodzy Rodzice. W zwi\u0105zku z ograniczeniem funkcjonowania naszego przedszkola z powodu obecnej sytuacji epidemicznej, d\u0142ugo\u015b\u0107 przerwy wakacyjnej naszej plac\u00f3wki zosta\u0142a w [&hellip;]<\/p>\n","protected":false},"author":191,"featured_media":0,"parent":2830,"menu_order":0,"comment_status":"closed","ping_status":"closed","template":"","meta":{"ngg_post_thumbnail":0,"footnotes":""},"class_list":["post-6324","page","type-page","status-publish","hentry","clearfix"],"_links":{"self":[{"href":"https:\/\/przedszkole54.edu.wroclaw.pl\/index.php\/wp-json\/wp\/v2\/pages\/6324","targetHints":{"allow":["GET"]}}],"collection":[{"href":"https:\/\/przedszkole54.edu.wroclaw.pl\/index.php\/wp-json\/wp\/v2\/pages"}],"about":[{"href":"https:\/\/przedszkole54.edu.wroclaw.pl\/index.php\/wp-json\/wp\/v2\/types\/page"}],"author":[{"embeddable":true,"href":"https:\/\/przedszkole54.edu.wroclaw.pl\/index.php\/wp-json\/wp\/v2\/users\/191"}],"replies":[{"embeddable":true,"href":"https:\/\/przedszkole54.edu.wroclaw.pl\/index.php\/wp-json\/wp\/v2\/comments?post=6324"}],"version-history":[{"count":1,"href":"https:\/\/przedszkole54.edu.wroclaw.pl\/index.php\/wp-json\/wp\/v2\/pages\/6324\/revisions"}],"predecessor-version":[{"id":6326,"href":"https:\/\/przedszkole54.edu.wroclaw.pl\/index.php\/wp-json\/wp\/v2\/pages\/6324\/revisions\/6326"}],"up":[{"embeddable":true,"href":"https:\/\/przedszkole54.edu.wroclaw.pl\/index.php\/wp-json\/wp\/v2\/pages\/2830"}],"wp:attachment":[{"href":"https:\/\/przedszkole54.edu.wroclaw.pl\/index.php\/wp-json\/wp\/v2\/media?parent=6324"}],"curies":[{"name":"wp","href":"https:\/\/api.w.org\/{rel}","templated":true}]}}