
{"id":47,"date":"2021-03-18T08:01:30","date_gmt":"2021-03-18T07:01:30","guid":{"rendered":"https:\/\/przedszkole54.edu.wroclaw.pl\/?page_id=47"},"modified":"2022-07-16T14:54:04","modified_gmt":"2022-07-16T12:54:04","slug":"rodo","status":"publish","type":"page","link":"https:\/\/przedszkole54.edu.wroclaw.pl\/index.php\/rodo\/","title":{"rendered":"RODO"},"content":{"rendered":"<div class=\"wpb-content-wrapper\"><p>[vc_row][vc_column width=&#8221;2\/3&#8243;][vc_column_text]<\/p>\n<p style=\"font-size: 12.16px;text-align: left\"><span style=\"color: #339966;font-size: 16pt\"><span style=\"font-family: 'Open Sans', sans-serif\">Informacja Przedszkola Nr 54 \u201ePod Kasztanami\u201d dotycz\u0105ca przetwarzania danych osobowych\u00a0<\/span><\/span><\/p>\n<p><span style=\"color: #808080;font-size: 14pt;font-family: georgia, palatino, serif\">1. Administratorem danych osobowych jest Przedszkole nr 54 \u201ePod Kasztanami\u201d we Wroc\u0142awiu (51-628) przy ul. Wittiga 3, dzia\u0142aj\u0105ce przez Dyrektora Przedszkola;\u00a0<\/span><\/p>\n<p><span style=\"font-family: georgia, palatino, serif\"><span style=\"color: #808080;font-size: 14pt\">2. W przedszkolu zosta\u0142 powo\u0142any Inspektor Danych Osobowych z kt\u00f3rym mog\u0105 si\u0119 Pa\u0144stwo skontaktowa\u0107 listownie na adres przedszkola z dopiskiem Inspektor Ochrony Danych Osobowych lub mailowo:<span style=\"color: #339966\"> kancelariaprawna.efficens@gmail.com<\/span><\/span><span style=\"color: #808080;font-size: 14pt\">. <\/span><\/span><\/p>\n<p><span style=\"color: #808080;font-size: 14pt;font-family: georgia, palatino, serif\">3. Przedszkole nr 54 przetwarzaj\u0105c dane osobowe realizuje wszystkie obowi\u0105zki i wymagania wynikaj\u0105ce z Rozporz\u0105dzenia Parlamentu Europejskiego i Rady (UE) 2016\/679 z dnia 27 kwietnia 2016 r. w sprawie ochrony os\u00f3b fizycznych w zwi\u0105zku z przetwarzaniem danych osobowych i w sprawie swobodnego przep\u0142ywu takich danych oraz uchylenia dyrektywy 95\/46\/WE (Dz.U.UE.L.2016.119.1, dalej jako RODO).<\/span><\/p>\n<p><span style=\"color: #808080;font-size: 14pt;font-family: georgia, palatino, serif\">4. Cel przetwarzania danych osobowych:<\/span><br \/>\n<span style=\"color: #808080;font-size: 14pt;font-family: georgia, palatino, serif\">a. realizacja zada\u0144 dydaktyczno-wychowawczo-opieku\u0144czych wynikaj\u0105cych z przepis\u00f3w prawa;<\/span><br \/>\n<span style=\"color: #808080;font-size: 14pt;font-family: georgia, palatino, serif\">b. podejmowanie akcji edukacyjnych przedszkola oraz w celu promocji osi\u0105gni\u0119\u0107 i pozytywnego wizerunku przedszkola;<\/span><br \/>\n<span style=\"color: #808080;font-size: 14pt;font-family: georgia, palatino, serif\">c. rekrutacja dzieci do przedszkola;<\/span><br \/>\n<span style=\"color: #808080;font-size: 14pt;font-family: georgia, palatino, serif\">d. wykonanie ci\u0105\u017c\u0105cych na Administratorze obowi\u0105zk\u00f3w prawnych wynikaj\u0105cych z przepis\u00f3w prawa o\u015bwiatowego.<\/span><\/p>\n<p><span style=\"color: #808080;font-size: 14pt;font-family: georgia, palatino, serif\">5. Podstawa prawna przetwarzania:<\/span><br \/>\n<span style=\"color: #808080;font-size: 14pt;font-family: georgia, palatino, serif\">a. ustawa z dnia 14 grudnia 2016 r. Prawo o\u015bwiatowe (Dz. U. 2017r. poz. 59 ze zm.);<\/span><br \/>\n<span style=\"color: #808080;font-size: 14pt;font-family: georgia, palatino, serif\">b. rozporz\u0105dzenie Ministra Edukacji Narodowej z dnia 5 sierpnia 2017 r. w sprawie sposobu prowadzenia przez publiczne szko\u0142y i plac\u00f3wki dokumentacji przebiegu nauczania, dzia\u0142alno\u015bci wychowawczej i opieku\u0144czej oraz rodzaj\u00f3w tej dokumentacji;<\/span><br \/>\n<span style=\"color: #808080;font-size: 14pt;font-family: georgia, palatino, serif\">c. rozporz\u0105dzenie Ministra Edukacji Narodowej z dnia 16 marca 2017 r. w sprawie przeprowadzania post\u0119powania rekrutacyjnego oraz post\u0119powania uzupe\u0142niaj\u0105cego do publicznych przedszkoli, szk\u00f3\u0142 i plac\u00f3wek;<\/span><br \/>\n<span style=\"color: #808080;font-size: 14pt;font-family: georgia, palatino, serif\">d. uchwa\u0142a Nr L\/1186\/18 Rady Miejskiej Wroc\u0142awia z dnia 11 stycznia 2018 r. w sprawie kryteri\u00f3w wraz z liczb\u0105 punkt\u00f3w, w post\u0119powaniu rekrutacyjnym do klasy I publicznej szko\u0142y podstawowej prowadzonej przez Miasto, dla kandydat\u00f3w zamieszka\u0142ych poza obwodem danej szko\u0142y podstawowej, do publicznych m\u0142odzie\u017cowych dom\u00f3w kultury prowadzonych przez Miasto oraz do publicznych przedszkoli i oddzia\u0142\u00f3w przedszkolnych \u00a0w szko\u0142ach podstawowych prowadzonych przez Miasto na drugim etapie post\u0119powania rekrutacyjnego.<\/span><\/p>\n<p><span style=\"color: #808080;font-size: 14pt;font-family: georgia, palatino, serif\">6. Czas przetwarzania danych osobowych: dane osobowe b\u0119d\u0105 przetwarzane przez czas rekrutacji a po jej zako\u0144czeniu:<\/span><br \/>\n<span style=\"color: #808080;font-size: 14pt;font-family: georgia, palatino, serif\">a. w przypadku dzieci, kt\u00f3re zosta\u0142y przyj\u0119te do przedszkola przez okres ich ucz\u0119szczania do przedszkola;<\/span><br \/>\n<span style=\"color: #808080;font-size: 14pt;font-family: georgia, palatino, serif\">b. w przypadku dzieci, kt\u00f3re nie zosta\u0142y przyj\u0119te do przedszkola przez okres roku od zako\u0144czenia procesu rekrutacji.<\/span><\/p>\n<p><span style=\"color: #808080;font-size: 14pt;font-family: georgia, palatino, serif\">7. Podanie danych osobowych jest:<\/span><br \/>\n<span style=\"color: #808080;font-size: 14pt;font-family: georgia, palatino, serif\">a. obowi\u0105zkowe w zwi\u0105zku z rekrutacj\u0105 do przedszkola, a konsekwencj\u0105 niepodania danych osobowych b\u0119dzie brak mo\u017cliwo\u015bci przeprowadzenia rekrutacji;<\/span><br \/>\n<span style=\"color: #808080;font-size: 14pt;font-family: georgia, palatino, serif\">b. obowi\u0105zkowe na podstawie powy\u017cszych przepis\u00f3w prawa przy realizacji zada\u0144 dydaktyczno-wychowawczo-opieku\u0144czych;<\/span><br \/>\n<span style=\"color: #808080;font-size: 14pt;font-family: georgia, palatino, serif\">c. dobrowolne w celu podejmowania akcji edukacyjnych przedszkola oraz w celu promocji osi\u0105gni\u0119\u0107 i pozytywnego wizerunku przedszkola.<\/span><\/p>\n<p><span style=\"color: #808080;font-size: 14pt;font-family: georgia, palatino, serif\">8. Maj\u0105 Pa\u0144stwo prawo do:<\/span><br \/>\n<span style=\"color: #808080;font-size: 14pt;font-family: georgia, palatino, serif\">a. \u017c\u0105dania dost\u0119pu do swoich danych osobowych (art.15 RODO);<\/span><br \/>\n<span style=\"color: #808080;font-size: 14pt;font-family: georgia, palatino, serif\">b. sprostowania i uzupe\u0142nienia danych osobowych, gdy s\u0105 niezgodne ze stanem rzeczywistym (art.16 RODO);<\/span><br \/>\n<span style=\"color: #808080;font-size: 14pt;font-family: georgia, palatino, serif\">c. usuni\u0119cia danych przetwarzanych, ograniczenia przetwarzania danych osobowych (art.17 i art. 18 RODO) w zakresie akcji edukacyjnych przedszkola, promocji jego osi\u0105gni\u0119\u0107 i pozytywnego wizerunku;<\/span><br \/>\n<span style=\"color: #808080;font-size: 14pt;font-family: georgia, palatino, serif\">d. wniesienia skargi do Prezesa Urz\u0119du Ochrony Danych Osobowych, gdy uznaj\u0105 Pa\u0144stwo, \u017ce przetwarzanie danych osobowych narusza przepisy og\u00f3lnego rozporz\u0105dzenia o ochronie danych osobowych z dnia 27 kwietnia 2016 r. (art. 77 RODO).<\/span><\/p>\n<p><span style=\"color: #808080;font-size: 14pt;font-family: georgia, palatino, serif\">9. Odbiorc\u0105 danych osobowych mog\u0105 by\u0107:<\/span><br \/>\n<span style=\"color: #808080;font-size: 14pt;font-family: georgia, palatino, serif\">a. Urz\u0105d Miejski Wroc\u0142awia, Departament Edukacji ul. G. Zapolskiej 4; 50-032 Wroc\u0142aw;<\/span><br \/>\n<span style=\"color: #808080;font-size: 14pt;font-family: georgia, palatino, serif\">b. Ministerstwo Edukacji Narodowej poprzez System Informacji O\u015bwiatowej.<\/span><\/p>\n<p><span style=\"color: #808080;font-size: 14pt;font-family: georgia, palatino, serif\">10. Dane osobowe nie b\u0119d\u0105 przekazywane do pa\u0144stwa trzeciego \/ organizacji mi\u0119dzynarodowej.<\/span>[\/vc_column_text][vc_separator style=&#8221;dotted&#8221; border_width=&#8221;5&#8243;][\/vc_column][vc_column width=&#8221;1\/3&#8243;][vc_column_text]<span style=\"color: #339966;font-size: 16pt\"><span style=\"font-family: 'Open Sans', sans-serif\">Dokumenty RODO<\/span><\/span>[\/vc_column_text][vc_btn title=&#8221;Klauzula informacyjna&#8221; shape=&#8221;square&#8221; align=&#8221;left&#8221; button_block=&#8221;true&#8221; link=&#8221;url:https%3A%2F%2Fprzedszkole54.edu.wroclaw.pl%2Fwp-content%2Fuploads%2Fsites%2F56%2F2022%2F02%2FPrzedszkole-Nr-54-KLAZULA-INFORMACYJNA.pdf|title:Klauzula%20informacyjna|target:_blank&#8221;][vc_btn title=&#8221;Informacja o Inspektorze Ochrony Danych Osobowych&#8221; shape=&#8221;square&#8221; align=&#8221;left&#8221; button_block=&#8221;true&#8221; link=&#8221;url:https%3A%2F%2Fprzedszkole54.edu.wroclaw.pl%2Fwp-content%2Fuploads%2Fsites%2F56%2F2022%2F02%2FPrzedszkole-Nr-54-Informacja-o-Inspektorze-Ochrony-Danych-Osobowych.pdf|title:Informacja%20o%20inspektorze%20danych%20osobowych|target:_blank&#8221;][vc_btn title=&#8221;Klauzula informacyjna &#8211; rekrutacja&#8221; shape=&#8221;square&#8221; align=&#8221;left&#8221; button_block=&#8221;true&#8221; link=&#8221;url:https%3A%2F%2Fprzedszkole54.edu.wroclaw.pl%2Fwp-content%2Fuploads%2Fsites%2F56%2F2022%2F02%2FPrzedszkole-Nr-54-Klauzula-informacyjna-rekrutacja.pdf|title:Klauzula%20informacyjna%20-%20rekrutacja|target:_blank&#8221;][vc_btn title=&#8221;Klauzula informacyjna &#8211; windykacja&#8221; shape=&#8221;square&#8221; align=&#8221;left&#8221; button_block=&#8221;true&#8221; link=&#8221;url:https%3A%2F%2Fprzedszkole54.edu.wroclaw.pl%2Fwp-content%2Fuploads%2Fsites%2F56%2F2022%2F02%2FPrzedszkole-Nr-54-Klauzula-informacyjna-windykacja.pdf|title:Klauzula%20informacyjna%20-%20windykacja|target:_blank&#8221;][vc_btn title=&#8221;Klauzula informacyjna dla pracownik\u00f3w&#8221; shape=&#8221;square&#8221; align=&#8221;left&#8221; button_block=&#8221;true&#8221; link=&#8221;url:https%3A%2F%2Fprzedszkole54.edu.wroclaw.pl%2Fwp-content%2Fuploads%2Fsites%2F56%2F2022%2F02%2FPrzedszkole-Nr-54-Klauzula-informacyjna-dla-pracowniko%25CC%2581w.pdf|title:Klauzula%20informacyjna%20dla%20pracownik%C3%B3w|target:_blank&#8221;][vc_btn title=&#8221;Klauzula zgody &#8211; wizerunek&#8221; shape=&#8221;square&#8221; align=&#8221;left&#8221; button_block=&#8221;true&#8221; link=&#8221;url:https%3A%2F%2Fprzedszkole54.edu.wroclaw.pl%2Fwp-content%2Fuploads%2Fsites%2F56%2F2022%2F02%2FPrzedszkole-Nr-54-Klauzula-zgody-wizerunek.pdf|title:Klauzula%20zgody%20-%20wizerunek|target:_blank&#8221;][vc_btn title=&#8221;Klauzule zgody&#8221; shape=&#8221;square&#8221; align=&#8221;left&#8221; button_block=&#8221;true&#8221; link=&#8221;url:https%3A%2F%2Fprzedszkole54.edu.wroclaw.pl%2Fwp-content%2Fuploads%2Fsites%2F56%2F2022%2F02%2FPrzedszkole-Nr-54-KLAUZULE-ZGODY.pdf|title:Klauzule%20zgody|target:_blank&#8221;][vc_separator style=&#8221;dotted&#8221; border_width=&#8221;5&#8243;][\/vc_column][\/vc_row][vc_row][vc_column width=&#8221;2\/3&#8243;][vc_column_text]<\/p>\n<table style=\"height: 20px\" width=\"200\" cellpadding=\"5\" align=\"center\" bgcolor=\"#339966\">\n<tbody>\n<tr>\n<td style=\"border-collapse: collapse;border: 1px solid #c6c6c6;text-align: center\" width=\"150\"><span style=\"color: #ffffff;font-size: 18pt\"><span style=\"font-family: 'Open Sans', sans-serif\">RODO COVID<\/span><\/span><\/td>\n<\/tr>\n<\/tbody>\n<\/table>\n<p>[\/vc_column_text][vc_column_text]<\/p>\n<p style=\"font-size: 12.16px;text-align: left\"><span style=\"color: #339966;font-size: 16pt;font-family: 'Open Sans', sans-serif\">Informacja Przedszkola nr 54 \u201ePod Kasztanami\u201d dotycz\u0105ca przetwarzania danych osobowych w zwi\u0105zku z Zarz\u0105dzeniem nr 2951\/20 Prezydenta Wroc\u0142awia z dnia 6 maja 2020 r. w sprawie wznowienia funkcjonowania przedszkoli i oddzia\u0142\u00f3w przedszkolnych\u00a0w szko\u0142ach podstawowych w okresie stanu epidemii<\/span><\/p>\n<p style=\"text-align: left\"><span style=\"font-size: 14pt;color: #808080;font-family: georgia, palatino, serif\">1. Przedszkole informuje, \u017ce w zwi\u0105zku z Zarz\u0105dzeniem nr 2951\/20 Prezydenta Wroc\u0142awia z dnia 6 maja 2020 r. w sprawie wznowienia funkcjonowania przedszkoli i oddzia\u0142\u00f3w przedszkolnych w szko\u0142ach podstawowych w okresie stanu epidemii b\u0119dzie dodatkowo przetwarza\u0142o nast\u0119puj\u0105ce dane osobowe:<\/span><br \/>\n<span style=\"font-size: 14pt;color: #808080;font-family: georgia, palatino, serif\">a. dane dotycz\u0105ce miejsca zatrudnienia rodzic\u00f3w dziecka;<\/span><br \/>\n<span style=\"font-size: 14pt;color: #808080;font-family: georgia, palatino, serif\">b. dane dotycz\u0105ce stanu zdrowia dziecka \u2013 temperatura, objawy chorobowe;<\/span><br \/>\n<span style=\"font-size: 14pt;color: #808080;font-family: georgia, palatino, serif\">c. informacj\u0119 o osobach z najbli\u017cszej rodziny dziecka przebywaj\u0105cych na kwarantannie.<\/span><\/p>\n<p style=\"text-align: left\"><span style=\"font-size: 14pt;color: #808080;font-family: georgia, palatino, serif\">2. Administratorem wskazanych powy\u017cej danych osobowych jest Przedszkole nr 54 \u201ePod Kasztanami\u201d we Wroc\u0142awiu, dzia\u0142aj\u0105ce przez Dyrektora Przedszkola.<\/span><\/p>\n<p style=\"text-align: left\"><span style=\"font-size: 14pt;color: #808080;font-family: georgia, palatino, serif\">3. W przedszkolu zosta\u0142 powo\u0142any Inspektor Danych Osobowych z kt\u00f3rym mo\u017cecie si\u0119 Pa\u0144stwo skontaktowa\u0107 listownie na adres przedszkola z dopiskiem Inspektor Ochrony Danych Osobowych lub mailowo: <span style=\"color: #339966\">kancelariaprawna.efficens@gmail.com<\/span>.<\/span><\/p>\n<p style=\"text-align: left\"><span style=\"font-size: 14pt;color: #808080;font-family: georgia, palatino, serif\">4. Cel przetwarzania danych osobowych:<br \/>\na. wykonanie obowi\u0105zk\u00f3w wynikaj\u0105cych z zarz\u0105dzenia nr 2951\/20 Prezydenta Wroc\u0142awia oraz ustawy z dnia 14 grudnia 2016 r. Prawo O\u015bwiatowe i rozporz\u0105dzenia Ministra Edukacji Narodowej z dnia 11 marca 2020 r. w sprawie czasowego ograniczenia funkcjonowania jednostek systemu o\u015bwiaty w zwi\u0105zku z zapobieganiem, przeciwdzia\u0142aniem i zwalczaniem COVID-19.<\/span><\/p>\n<p style=\"text-align: left\"><span style=\"font-size: 14pt;color: #808080;font-family: georgia, palatino, serif\">5. Podstawa prawna przetwarzania:<br \/>\na. Zarz\u0105dzenie nr 2951\/20 Prezydenta Wroc\u0142awia z dnia 6 maja 2020 r. w sprawie wznowienia funkcjonowania przedszkoli i oddzia\u0142\u00f3w przedszkolnych w szko\u0142ach podstawowych w okresie stanu epidemii<\/span><br \/>\n<span style=\"font-size: 14pt;color: #808080;font-family: georgia, palatino, serif\">b. ustawa z dnia 14 grudnia 2016 r. Prawo o\u015bwiatowe (Dz. U. 2019r. poz. 1148 ze zm.); <\/span><br \/>\n<span style=\"font-size: 14pt;color: #808080;font-family: georgia, palatino, serif\">c. rozporz\u0105dzenie Ministra Edukacji Narodowej z dnia 11 marca 2020 r. w sprawie czasowego ograniczenia funkcjonowania jednostek systemu o\u015bwiaty w zwi\u0105zku z zapobieganiem, przeciwdzia\u0142aniem i zwalczaniem COVID-19 (Dz. U. 2020 r. poz. 410, 492, 595, 642, 742, 780, 781);<\/span><br \/>\n<span style=\"font-size: 14pt;color: #808080;font-family: georgia, palatino, serif\">d. art. 6 ust. 1 lit c, d i e Rozporz\u0105dzenia Parlamentu Europejskiego i Rady (UE) 2016\/679 z dnia 27 kwietnia 2016 r. w sprawie ochrony os\u00f3b fizycznych w zwi\u0105zku z przetwarzaniem danych osobowych i w sprawie swobodnego przep\u0142ywu takich danych oraz uchylenia dyrektywy 95\/46\/WE.<\/span><\/p>\n<p style=\"text-align: left\"><span style=\"font-size: 14pt;color: #808080;font-family: georgia, palatino, serif\">6. Czas przetwarzania danych osobowych: dane osobowe b\u0119d\u0105 przetwarzane przez czas obowi\u0105zywania stanu epidemii og\u0142oszonego rozporz\u0105dzeniem Ministra Zdrowia z dnia 20 marca 2020 r. w sprawie og\u0142oszenia na obszarze Rzeczypospolitej Polskiej stanu epidemii (Dz.U. z 2020 r., poz. 491).<\/span><\/p>\n<p style=\"text-align: left\"><span style=\"font-size: 14pt;color: #808080;font-family: georgia, palatino, serif\">7. Odbiorc\u0105 danych osobowych mog\u0105 by\u0107:<br \/>\na. Prezydent Miasta Wroc\u0142awia;<\/span><br \/>\n<span style=\"font-size: 14pt;color: #808080;font-family: georgia, palatino, serif\">b. Wojewoda Dolno\u015bl\u0105ski<\/span><br \/>\n<span style=\"font-size: 14pt;color: #808080;font-family: georgia, palatino, serif\">c. Powiatowy Inspektor Sanitarny we Wroc\u0142awiu.<\/span><\/p>\n<p>[\/vc_column_text][\/vc_column][vc_column width=&#8221;1\/3&#8243;][\/vc_column][\/vc_row]<\/p>\n<\/div>","protected":false},"excerpt":{"rendered":"<p>[vc_row][vc_column width=&#8221;2\/3&#8243;][vc_column_text] Informacja Przedszkola Nr 54 \u201ePod Kasztanami\u201d dotycz\u0105ca przetwarzania danych osobowych\u00a0 1. Administratorem danych osobowych jest Przedszkole nr 54 \u201ePod Kasztanami\u201d we Wroc\u0142awiu (51-628) przy ul. Wittiga 3, dzia\u0142aj\u0105ce [&hellip;]<\/p>\n","protected":false},"author":72,"featured_media":0,"parent":0,"menu_order":0,"comment_status":"closed","ping_status":"closed","template":"","meta":{"ngg_post_thumbnail":0,"footnotes":""},"class_list":["post-47","page","type-page","status-publish","hentry","clearfix"],"_links":{"self":[{"href":"https:\/\/przedszkole54.edu.wroclaw.pl\/index.php\/wp-json\/wp\/v2\/pages\/47","targetHints":{"allow":["GET"]}}],"collection":[{"href":"https:\/\/przedszkole54.edu.wroclaw.pl\/index.php\/wp-json\/wp\/v2\/pages"}],"about":[{"href":"https:\/\/przedszkole54.edu.wroclaw.pl\/index.php\/wp-json\/wp\/v2\/types\/page"}],"author":[{"embeddable":true,"href":"https:\/\/przedszkole54.edu.wroclaw.pl\/index.php\/wp-json\/wp\/v2\/users\/72"}],"replies":[{"embeddable":true,"href":"https:\/\/przedszkole54.edu.wroclaw.pl\/index.php\/wp-json\/wp\/v2\/comments?post=47"}],"version-history":[{"count":28,"href":"https:\/\/przedszkole54.edu.wroclaw.pl\/index.php\/wp-json\/wp\/v2\/pages\/47\/revisions"}],"predecessor-version":[{"id":6285,"href":"https:\/\/przedszkole54.edu.wroclaw.pl\/index.php\/wp-json\/wp\/v2\/pages\/47\/revisions\/6285"}],"wp:attachment":[{"href":"https:\/\/przedszkole54.edu.wroclaw.pl\/index.php\/wp-json\/wp\/v2\/media?parent=47"}],"curies":[{"name":"wp","href":"https:\/\/api.w.org\/{rel}","templated":true}]}}