
{"id":21,"date":"2021-03-18T07:53:55","date_gmt":"2021-03-18T06:53:55","guid":{"rendered":"https:\/\/przedszkole54.edu.wroclaw.pl\/?page_id=21"},"modified":"2026-01-22T11:55:28","modified_gmt":"2026-01-22T10:55:28","slug":"przedszkole","status":"publish","type":"page","link":"https:\/\/przedszkole54.edu.wroclaw.pl\/index.php\/przedszkole\/","title":{"rendered":"O Przedszkolu"},"content":{"rendered":"<div class=\"wpb-content-wrapper\"><p>[vc_row][vc_column][vc_single_image image=&#8221;2094&#8243; img_size=&#8221;900&#215;506&#8243; alignment=&#8221;center&#8221; onclick=&#8221;img_link_large&#8221; img_link_target=&#8221;_blank&#8221;][vc_column_text css_animation=&#8221;appear&#8221; css=&#8221;.vc_custom_1726840236608{margin-bottom: -5px !important;}&#8221;]<\/p>\n<p style=\"text-align: center\"><strong><span style=\"text-align: center;color: #003300\"><span style=\"font-size: 42pt;font-family: 'Amatic SC', geneva, sans-serif\">KADRA<\/span><\/span><\/strong><\/p>\n<p>[\/vc_column_text][\/vc_column][\/vc_row][vc_row][vc_column width=&#8221;1\/3&#8243;][vc_column_text css=&#8221;.vc_custom_1726840602158{border-top-width: 5px !important;border-right-width: 5px !important;border-bottom-width: 5px !important;border-left-width: 5px !important;padding-top: 40px !important;padding-right: 40px !important;padding-bottom: 40px !important;padding-left: 40px !important;border-left-style: dotted !important;border-right-style: dotted !important;border-top-style: dotted !important;border-bottom-style: dotted !important;border-color: #e0e0e0 !important;}&#8221;]<\/p>\n<p style=\"text-align: center\"><span style=\"font-family: georgia, palatino, serif;font-size: 14pt;color: #000000\">DYREKTOR:<br \/>\nmgr in\u017c. Irena M\u0142y\u0144czak<\/span><\/p>\n<p style=\"text-align: center\"><span style=\"font-family: georgia, palatino, serif;font-size: 14pt;color: #808080\"><span style=\"color: #000000\">Zast\u0119pca dyrektora:<\/span><br \/>\n<span style=\"color: #000000\">mgr Daniela Ilnicka<\/span><br \/>\n<\/span><\/p>\n<p>[\/vc_column_text][vc_column_text css=&#8221;.vc_custom_1769079000262{border-top-width: 5px !important;border-right-width: 5px !important;border-bottom-width: 5px !important;border-left-width: 5px !important;padding-top: 40px !important;padding-right: 40px !important;padding-bottom: 40px !important;padding-left: 40px !important;border-left-style: dotted !important;border-right-style: dotted !important;border-top-style: dotted !important;border-bottom-style: dotted !important;border-color: #e0e0e0 !important;}&#8221;]<\/p>\n<p style=\"text-align: center\"><span style=\"font-family: georgia, palatino, serif;font-size: 14pt;color: #000000\">GRUPA JE\u017bYKI<\/span><\/p>\n<p style=\"text-align: center\"><span style=\"font-family: georgia, palatino, serif;font-size: 14pt;color: #000000\">Nauczyciele:<br \/>\nmgr Melania Wierzbicka<br \/>\nmgr Agata Strycharczyk<br \/>\nmgr Irena Choi\u0144ska<br \/>\nmgr in\u017c. Irena M\u0142y\u0144czak<\/span><\/p>\n<p style=\"text-align: center\"><span style=\"color: #000000\"><span style=\"font-family: georgia, palatino, serif;font-size: 14pt\">Pomoc nauczyciela:<br \/>\nWioletta <\/span><span style=\"font-family: georgia, palatino, serif;font-size: 14pt\">Zieli\u0144ska<\/span><\/span><\/p>\n<p style=\"text-align: center\"><span style=\"font-family: georgia, palatino, serif;font-size: 14pt;color: #000000\">Pomoc techniczna:<br \/>\nAgnieszka Saran<\/span><\/p>\n<p>[\/vc_column_text][\/vc_column][vc_column width=&#8221;1\/3&#8243;][vc_column_text css=&#8221;.vc_custom_1769079136581{border-top-width: 5px !important;border-right-width: 5px !important;border-bottom-width: 5px !important;border-left-width: 5px !important;padding-top: 40px !important;padding-right: 40px !important;padding-bottom: 40px !important;padding-left: 40px !important;border-left-style: dotted !important;border-right-style: dotted !important;border-top-style: dotted !important;border-bottom-style: dotted !important;border-color: #e0e0e0 !important;}&#8221;]<\/p>\n<p style=\"text-align: center\"><span style=\"font-family: georgia, palatino, serif;font-size: 14pt;color: #000000\">GRUPA \u017bABKI<\/span><\/p>\n<p style=\"text-align: center\"><span style=\"font-family: georgia, palatino, serif;font-size: 14pt;color: #000000\">Nauczyciele:<br \/>\nmgr Daniela Ilnicka<br \/>\nmgr Barbara Hebda<br \/>\nmgr Bo\u017cena Snela<br \/>\n<\/span><\/p>\n<p style=\"text-align: center\"><span style=\"font-family: georgia, palatino, serif;font-size: 14pt;color: #000000\">Pomoc techniczna:<br \/>\nMarzena Taras<\/span><\/p>\n<p>[\/vc_column_text][vc_column_text css=&#8221;.vc_custom_1769079293373{border-top-width: 5px !important;border-right-width: 5px !important;border-bottom-width: 5px !important;border-left-width: 5px !important;padding-top: 40px !important;padding-right: 40px !important;padding-bottom: 40px !important;padding-left: 40px !important;border-left-style: dotted !important;border-right-style: dotted !important;border-top-style: dotted !important;border-bottom-style: dotted !important;border-color: #e0e0e0 !important;}&#8221;]<\/p>\n<p style=\"text-align: center\"><span style=\"font-family: georgia, palatino, serif;font-size: 14pt;color: #000000\">GRUPA WIEWI\u00d3RKI<br \/>\n<\/span><\/p>\n<p style=\"text-align: center\"><span style=\"font-family: georgia, palatino, serif;font-size: 14pt;color: #000000\">Nauczyciele:<br \/>\nmgr Anna Oczo\u015b<br \/>\nmgr Ewelina Kluczek<\/span><\/p>\n<p style=\"text-align: center\"><span style=\"font-family: georgia, palatino, serif;font-size: 14pt;color: #000000\">Pomoc techniczna:<br \/>\nBarbara Mali\u0144ska<\/span><\/p>\n<p>[\/vc_column_text][vc_column_text css=&#8221;.vc_custom_1769079216701{border-top-width: 5px !important;border-right-width: 5px !important;border-bottom-width: 5px !important;border-left-width: 5px !important;padding-top: 40px !important;padding-right: 40px !important;padding-bottom: 40px !important;padding-left: 40px !important;border-left-style: dotted !important;border-right-style: dotted !important;border-top-style: dotted !important;border-bottom-style: dotted !important;border-color: #e0e0e0 !important;}&#8221;]<\/p>\n<p style=\"text-align: center\"><span style=\"color: #000000;font-size: 14pt;font-family: georgia, palatino\">ZAJ\u0118CIA DODATKOWE<\/span><\/p>\n<p style=\"text-align: center\"><span style=\"font-family: georgia, palatino, serif;font-size: 14pt;color: #000000\"><span style=\"font-family: georgia, palatino\">J\u0119zyk niemiecki: <\/span><\/span><span style=\"font-family: georgia, palatino, serif;font-size: 14pt;color: #000000\">mgr Kamila G\u0119bska<\/span><\/p>\n<p style=\"text-align: center\"><span style=\"font-size: 14pt;font-family: georgia, palatino;color: #000000\">Religia: <\/span><span style=\"font-size: 14pt;font-family: georgia, palatino;color: #000000\">mgr Joanna Turek<\/span><\/p>\n<p style=\"text-align: center\"><span style=\"font-size: 14pt;font-family: georgia, palatino;color: #000000\">Gimnastyka: <\/span><span style=\"font-size: 14pt;font-family: georgia, palatino;color: #000000\">mgr Ma\u0142gorzata Ciemna<\/span><\/p>\n<p>[\/vc_column_text][\/vc_column][vc_column width=&#8221;1\/3&#8243;][vc_column_text css=&#8221;.vc_custom_1769079247604{border-top-width: 5px !important;border-right-width: 5px !important;border-bottom-width: 5px !important;border-left-width: 5px !important;padding-top: 40px !important;padding-right: 40px !important;padding-bottom: 40px !important;padding-left: 40px !important;border-left-style: dotted !important;border-right-style: dotted !important;border-top-style: dotted !important;border-bottom-style: dotted !important;border-color: #e0e0e0 !important;}&#8221;]<\/p>\n<p style=\"text-align: center\"><span style=\"font-family: georgia, palatino, serif;font-size: 14pt;color: #000000\">NAUCZYCIELE SPECJALI\u015aCI<\/span><\/p>\n<p style=\"text-align: center\"><span style=\"color: #000000\"><span style=\"font-family: georgia, palatino, serif;font-size: 14pt\"><span style=\"font-size: 14pt\">Psycholog:\u00a0 <\/span><span style=\"font-size: 14pt\">mgr Agata Strycharczyk<\/span><\/span><\/span><\/p>\n<p style=\"text-align: center\"><span style=\"font-family: georgia, palatino, serif;font-size: 14pt;color: #000000\">Logopeda: mgr Ariadna Kami\u0144ska<\/span><\/p>\n<p style=\"text-align: center\"><span style=\"font-family: georgia, palatino, serif;font-size: 14pt;color: #000000\">Logopeda: mgr Daniela Ilnicka<\/span><\/p>\n<p style=\"text-align: center\"><span style=\"font-family: georgia, palatino, serif;font-size: 14pt;color: #000000\">Pedagog specjalny: mgr Roksana Przygoda<\/span><\/p>\n<p>[\/vc_column_text][vc_column_text css=&#8221;.vc_custom_1726841186694{border-top-width: 5px !important;border-right-width: 5px !important;border-bottom-width: 5px !important;border-left-width: 5px !important;padding-top: 40px !important;padding-right: 40px !important;padding-bottom: 40px !important;padding-left: 40px !important;border-left-style: dotted !important;border-right-style: dotted !important;border-top-style: dotted !important;border-bottom-style: dotted !important;border-color: #e0e0e0 !important;}&#8221;]<\/p>\n<p style=\"text-align: center\"><span style=\"color: #000000\"><span style=\"font-family: georgia, palatino, serif;font-size: 14pt\">SEKRETARIAT<br \/>\nStarszy referent: mgr Kinga Cygan<br \/>\n<\/span><span style=\"font-family: georgia, palatino, serif;font-size: 18.6667px\">Intendent: mgr Milena K\u0119dzia<\/span><\/span><\/p>\n<p style=\"text-align: center\"><span style=\"color: #000000\"><span style=\"font-family: georgia, palatino, serif;font-size: 14pt\">KUCHNIA<br \/>\nKucharz: Ma\u0142gorzata D\u0105bek<br \/>\n<\/span><span style=\"font-family: georgia, palatino, serif;font-size: 14pt\">Pomoc kuchenna: Ewelina Wojciechowska-Pli\u015b<\/span><\/span><\/p>\n<p>[\/vc_column_text][\/vc_column][\/vc_row][vc_row][vc_column width=&#8221;1\/2&#8243;][vc_column_text css_animation=&#8221;appear&#8221; css=&#8221;.vc_custom_1726841217991{margin-bottom: -5px !important;}&#8221;]<\/p>\n<p style=\"text-align: center\"><span style=\"color: #003300\"><strong><span style=\"text-align: center\"><span style=\"font-size: 42pt;font-family: 'Amatic SC', geneva, sans-serif\">PO\u0141O\u017bENIE<\/span><\/span><\/strong><\/span><\/p>\n<p>[\/vc_column_text][vc_column_text css=&#8221;.vc_custom_1726841242912{border-top-width: 5px !important;border-right-width: 5px !important;border-bottom-width: 5px !important;border-left-width: 5px !important;padding-top: 40px !important;padding-right: 40px !important;padding-bottom: 40px !important;padding-left: 40px !important;border-left-style: dotted !important;border-right-style: dotted !important;border-top-style: dotted !important;border-bottom-style: dotted !important;border-color: #e0e0e0 !important;}&#8221;]<\/p>\n<p style=\"text-align: center\"><span style=\"font-size: 14pt;font-family: georgia, palatino, serif;color: #000000\">Przedszkole nr 54 \u201ePod Kasztanami\u201d jest po\u0142o\u017cone w pi\u0119knej, zielonej okolicy Wroc\u0142awia, na osiedlu D\u0105bie, w dzielnicy \u015ar\u00f3dmie\u015bcie. Bezpo\u015brednio do plac\u00f3wki przylega Park D\u0105bski, w kt\u00f3rym upajamy si\u0119 urokami nadchodz\u0105cych p\u00f3r roku. Nasze najbli\u017csze s\u0105siedztwo to tak\u017ce Park Szczytnicki, ZOO, Hala Stulecia, Ogr\u00f3d Japo\u0144ski, obserwatoriom astronomiczne.<\/span><\/p>\n<p style=\"text-align: center\"><span style=\"font-size: 14pt;font-family: georgia, palatino, serif;color: #000000\">Plac\u00f3wka powsta\u0142a w latach 80., w zabytkowej willi, niegdy\u015b zamieszkiwanej przez kilka rodzin. Przedszkole zosta\u0142o powo\u0142ane w 1981 roku, a 13 listopada 1986 roku odby\u0142o si\u0119 jego uroczyste otwarcie. Przed wej\u015bciem do budynku rosn\u0105 wiekowe kasztanowce, st\u0105d nazwa \u201ePrzedszkole pod Kasztanami\u201d.<\/span><\/p>\n<p style=\"text-align: center\"><span style=\"font-size: 14pt;font-family: georgia, palatino, serif;color: #000000\">Budynek jest trzykondygnacyjny, z tarasami na dw\u00f3ch kondygnacjach. Na parterze mie\u015bci si\u0119 sala zabaw z \u0142azienk\u0105, szatnie trzech grup oraz gabinety dyrektora i administracji. Pierwsze pi\u0119tro to dwie sale z \u0142azienkami, gabinet metodyczny, toaleta dla personelu i korytarz. Na drugim pi\u0119trze znajduje si\u0119 sala gimnastyczna, le\u017cakownia oraz hol. Sala gimnastyczna wyposa\u017cona jest w lustra, magazyn ze sprz\u0119tem do \u0107wicze\u0144, drabinki. W tym miejscu prowadzona jest gimnastyka korekcyjna, zabawy ruchowe, rytmika, zaj\u0119cia teatralne i ta\u0144ce.<\/span><\/p>\n<p>[\/vc_column_text][\/vc_column][vc_column width=&#8221;1\/2&#8243;][vc_column_text css_animation=&#8221;appear&#8221; css=&#8221;.vc_custom_1726841230655{margin-bottom: -5px !important;}&#8221;]<\/p>\n<p style=\"text-align: center\"><span style=\"color: #003300\"><strong><span style=\"text-align: center\"><span style=\"font-size: 42pt;font-family: 'Amatic SC', geneva, sans-serif\">OGR\u00d3D<\/span><\/span><\/strong><\/span><\/p>\n<p>[\/vc_column_text][vc_column_text css=&#8221;.vc_custom_1726841265391{border-top-width: 5px !important;border-right-width: 5px !important;border-bottom-width: 5px !important;border-left-width: 5px !important;padding-top: 40px !important;padding-right: 40px !important;padding-bottom: 40px !important;padding-left: 40px !important;border-left-style: dotted !important;border-right-style: dotted !important;border-top-style: dotted !important;border-bottom-style: dotted !important;border-color: #e0e0e0 !important;}&#8221;]<\/p>\n<p style=\"text-align: center\"><span style=\"font-family: georgia, palatino, serif;font-size: 14pt;color: #000000\">Du\u017cym atutem przedszkola jest <span style=\"color: #003300\">pi\u0119kny, przestronny ogr\u00f3d<\/span> ze starym i nowym nasadzeniem drzew i krzew\u00f3w oraz placem zabaw dla dzieci. Jest on zabezpieczony dodatkowym ogrodzeniem z zamykan\u0105 bramk\u0105. Dzieci maj\u0105 tu mo\u017cliwo\u015b\u0107 swobodnej zabawy, biegania, gry w pi\u0142k\u0119, korzystania z urz\u0105dze\u0144 terenowych i do\u015bwiadczania bezpo\u015bredniego kontaktu z natur\u0105. Cz\u0119stymi go\u015b\u0107mi w naszym ogrodzie s\u0105 wiewi\u00f3rki, a tak\u017ce liczne gatunki ptak\u00f3w.<\/span><\/p>\n<p>[\/vc_column_text][vc_single_image image=&#8221;1858&#8243; img_size=&#8221;900&#215;506&#8243; alignment=&#8221;center&#8221; onclick=&#8221;img_link_large&#8221; img_link_target=&#8221;_blank&#8221; css=&#8221;&#8221;][vc_zigzag el_width=&#8221;60&#8243; el_border_width=&#8221;15&#8243; css=&#8221;.vc_custom_1653510129512{margin-top: 50px !important;}&#8221;][\/vc_column][\/vc_row][vc_row][vc_column][vc_gallery type=&#8221;image_grid&#8221; images=&#8221;746,743,742,747,737,735,750,751&#8243; img_size=&#8221;290&#215;163&#8243;][\/vc_column][\/vc_row][vc_row][vc_column width=&#8221;1\/2&#8243;][vc_column_text css_animation=&#8221;appear&#8221; css=&#8221;.vc_custom_1726841465883{margin-bottom: -5px !important;}&#8221;]<\/p>\n<p style=\"text-align: center\"><strong><span style=\"text-align: center;color: #003300\"><span style=\"font-size: 42pt;font-family: 'Amatic SC', geneva, sans-serif\">EDUKACJA<\/span><\/span><\/strong><\/p>\n<p>[\/vc_column_text][vc_column_text css=&#8221;.vc_custom_1726841565027{border-top-width: 5px !important;border-right-width: 5px !important;border-bottom-width: 5px !important;border-left-width: 5px !important;padding-top: 40px !important;padding-right: 40px !important;padding-bottom: 40px !important;padding-left: 40px !important;border-left-style: dotted !important;border-right-style: dotted !important;border-top-style: dotted !important;border-bottom-style: dotted !important;border-color: #e0e0e0 !important;}&#8221;]<\/p>\n<p style=\"text-align: center\"><span style=\"font-size: 14pt;color: #000000\"><span style=\"font-family: georgia, palatino, serif\">Prac\u0119 wychowawczo-dydaktyczn\u0105 opieramy na obowi\u0105zuj\u0105cej podstawie programowej, kt\u00f3r\u0105 realizujemy w oparciu o program wychowania przedszkolnego \u201eNasze przedszkole\u201d wydawnictwa MAC Edukacja. Realizujemy r\u00f3wnie\u017c nasze autorskie programy, m.in. <em>Program ekologiczny<\/em> i <em>Program promocji zdrowia<\/em>.<br \/>\nPrzedszkole cieszy si\u0119 bardzo dobr\u0105 opini\u0105 rodzic\u00f3w, m.in. dzi\u0119ki <span style=\"color: #003300\">wykwalifikowanej kadrze<\/span>. Nauczycielki, opr\u00f3cz odpowiedniego przygotowania pedagogicznego, nieustannie wzbogacaj\u0105 swoj\u0105 wiedz\u0119, r\u00f3wnie\u017c z zakresu ekologii i ochrony \u015brodowiska.<br \/>\n<\/span><span style=\"font-family: georgia, palatino, serif\">W naszym przedszkolu wszystkie dzieci uczestnicz\u0105 w codziennych zaj\u0119ciach z <span style=\"color: #003300\">j\u0119zyka niemieckiego<\/span>, za\u015b raz w tygodniu odbywa si\u0119 <span style=\"color: #003300\">j\u0119zyk angielski<\/span>. Dzi\u0119ki regularnej styczno\u015bci z j\u0119zykiem obcym nasi absolwenci maj\u0105 zapewniony dobry start w szkolnej nauce j\u0119zyk\u00f3w<\/span><span style=\"font-family: georgia, palatino, serif\">.<\/span><\/span><\/p>\n<p>[\/vc_column_text][vc_single_image image=&#8221;1904&#8243; img_size=&#8221;900&#215;506&#8243; alignment=&#8221;center&#8221; onclick=&#8221;img_link_large&#8221; img_link_target=&#8221;_blank&#8221;][vc_single_image image=&#8221;740&#8243; img_size=&#8221;900&#215;506&#8243; alignment=&#8221;center&#8221; onclick=&#8221;img_link_large&#8221; img_link_target=&#8221;_blank&#8221;][\/vc_column][vc_column width=&#8221;1\/2&#8243;][vc_column_text css_animation=&#8221;appear&#8221; css=&#8221;.vc_custom_1726841492065{margin-bottom: -5px !important;}&#8221;]<\/p>\n<p style=\"text-align: center\"><span style=\"color: #003300\"><strong><span style=\"text-align: center\"><span style=\"font-size: 42pt;font-family: 'Amatic SC', geneva, sans-serif\">ZDROWIE<\/span><\/span><\/strong><\/span><\/p>\n<p>[\/vc_column_text][vc_column_text css=&#8221;.vc_custom_1726841609962{border-top-width: 5px !important;border-right-width: 5px !important;border-bottom-width: 5px !important;border-left-width: 5px !important;padding-top: 40px !important;padding-right: 40px !important;padding-bottom: 40px !important;padding-left: 40px !important;border-left-style: dotted !important;border-right-style: dotted !important;border-top-style: dotted !important;border-bottom-style: dotted !important;border-color: #e0e0e0 !important;}&#8221;]<\/p>\n<p style=\"text-align: center\"><span style=\"font-size: 14pt;color: #000000\"><span style=\"font-family: georgia, palatino, serif\">Nasza plac\u00f3wka nale\u017cy do Wroc\u0142awskiej Sieci Przedszkoli i Szk\u00f3\u0142 Promuj\u0105cych Zdrowie<\/span>. <span style=\"font-family: georgia, palatino, serif\">Dbamy o to, aby nasze dzieci wiedzia\u0142y, co to znaczy prowadzi\u0107 zdrowy tryb \u017cycia, aby wzrasta\u0142y w przekonaniu, \u017ce warto zdrowo si\u0119 od\u017cywia\u0107, \u017ce zdrowie i jego ochrona s\u0105 cenn\u0105 warto\u015bci\u0105. W ramach wsp\u00f3\u0142pracy z Klinik\u0105 stomatologiczn\u0105 Artident realizujemy program <em>Profilaktyka pr\u00f3chnicy z\u0119b\u00f3w u dzieci w wieku przedszkolnym<\/em>. Co roku bierzemy r\u00f3wnie\u017c udzia\u0142 we wroc\u0142awskim Festiwalu Zdrowia. <\/span><\/span><\/p>\n<p style=\"text-align: center\"><span style=\"font-family: georgia, palatino, serif;font-size: 14pt;color: #000000\">Posiadamy\u00a0<span style=\"color: #003300\">certyfikat zdrowej sto\u0142\u00f3wki<\/span>. Prowadzimy w\u0142asn\u0105 kuchni\u0119, w kt\u00f3rej przygotowujemy pyszne, zdrowe domowe posi\u0142ki. \u015aniadania serwowane s\u0105 w formie szwedzkiego sto\u0142u \u2013 dzieci maj\u0105 do wyboru r\u00f3\u017cnego rodzaju pieczywo, nabia\u0142, warzywa, w\u0119dliny, pasty, z kt\u00f3rych same komponuj\u0105 sobie kanapki. Zupa i drugie danie serwowane s\u0105 oddzielnie. Do drugiego dania podawane s\u0105 dwie sur\u00f3wki. Podwieczorkowi zawsze towarzyszy jaki\u015b owoc. Dzieci dostaj\u0105 jogurty naturalne, a do nich szeroki wyb\u00f3r bakalii \u2013 orzechy, migda\u0142y, nasiona s\u0142onecznika, \u017curawin\u0119, jagody goi \u2013 kt\u00f3re dosypuj\u0105 wed\u0142ug w\u0142asnego uznania. Zamiast m\u0105k pszennych staramy si\u0119 stosowa\u0107 m\u0105k\u0119 gryczan\u0105, kukurydzian\u0105, \u017cytni\u0105, razow\u0105, orkiszow\u0105. <\/span><\/p>\n<p style=\"text-align: center\"><span style=\"font-family: georgia, palatino, serif;font-size: 14pt;color: #808080\"><span style=\"color: #000000\">Posiadamy r\u00f3wnie\u017c\u00a0<span style=\"color: #003300\">certyfikat promowania aktywno\u015bci fizycznej<\/span>. Dbamy o zaspokajanie potrzeby ruchu naszych przedszkolak\u00f3w i rozbudzanie w nich zami\u0142owania do aktywnego stylu \u017cycia. Opr\u00f3cz codziennych zabaw ruchowych w sali i w ogrodzie, nasze dzieci uczestnicz\u0105 w zaj\u0119ciach z gimnastyki korekcyjnej, \u0107wiczeniach og\u00f3lnorozwojowych z programu Mali Wspaniali, a tak\u017ce w spacerach, wycieczkach i r\u00f3\u017cnych imprezach sportowych organizowanych w ci\u0105gu roku. Zapewniamy te\u017c dzieciom mo\u017cliwo\u015b\u0107 udzia\u0142u w dodatkowych zaj\u0119ciach ruchowych po po\u0142udniu: basen, Akademia Tygryska, Dru\u017cyna Kangura, ta\u0144ce. Wiosn\u0105 nasze przedszkole bierze udzia\u0142 w og\u00f3lnopolskiej kampanii Rowerowy Maj, motywuj\u0105cej dzieci i rodzic\u00f3w do przemieszczania si\u0119 za pomoc\u0105 roweru, hulajnogi, rolek<\/span>. <\/span><\/p>\n<p>[\/vc_column_text][\/vc_column][\/vc_row][vc_row][vc_column width=&#8221;1\/2&#8243;][vc_column_text css_animation=&#8221;appear&#8221; css=&#8221;.vc_custom_1726841625362{margin-bottom: -5px !important;}&#8221;]<\/p>\n<p style=\"text-align: center\"><strong><span style=\"text-align: center;color: #003300\"><span style=\"font-size: 42pt;font-family: 'Amatic SC', geneva, sans-serif\">EKOLOGIA<\/span><\/span><\/strong><\/p>\n<p>[\/vc_column_text][vc_column_text css=&#8221;.vc_custom_1726841668858{border-top-width: 5px !important;border-right-width: 5px !important;border-bottom-width: 5px !important;border-left-width: 5px !important;padding-top: 40px !important;padding-right: 40px !important;padding-bottom: 40px !important;padding-left: 40px !important;border-left-style: dotted !important;border-right-style: dotted !important;border-top-style: dotted !important;border-bottom-style: dotted !important;border-color: #e0e0e0 !important;}&#8221;]<\/p>\n<p style=\"text-align: center\"><span style=\"color: #000000\"><span style=\"font-family: georgia, palatino, serif;font-size: 14pt\">Du\u017c\u0105 wag\u0119 przyk\u0142adamy do edukacji ekologicznej. Staramy si\u0119 jak najcz\u0119\u015bciej stwarza\u0107 dzieciom mo\u017cliwo\u015b\u0107 bezpo\u015bredniego kontaktu z natur\u0105 poprzez codzienny pobyt w ogrodzie, spacery i wycieczki, zabawy badawcze, obserwacje przyrodnicze. Ka\u017cdego roku organizujemy warsztaty o tematyce ekologicznej i przyrodniczej, bierzemy udzia\u0142 w <\/span><span style=\"font-family: georgia, palatino, serif;font-size: 14pt\">konkursach ekologiczno-plastycznych, segregujemy odpady, uczestniczymy w proekologicznych akcjach i projektach, takich jak: Sprz\u0105tanie \u015awiata, Dzie\u0144 Je\u017ca, Dzie\u0144 Ziemi, Dzie\u0144 Czystego Powietrza, Miesi\u0105c Dobroci dla Zwierz\u0105t, akcja \u201eDokarmiamy ptaki\u201d i inne. Wsp\u00f3\u0142pracujemy m.in. z O\u015brodkiem Edukacji Ekologicznej EkoCentrum, Sp\u00f3\u0142k\u0105 Ekosystem, Centrum Edukacyjnym Ekolandia.edu, Europejskim Stowarzyszeniem Ekolog\u00f3w, organizacj\u0105 Greenpeace, Biurem Ochrony Przyrody i Klimatu UM Wroc\u0142awia, Polskim Towarzystwem Przyjaci\u00f3\u0142 Przyrody Pro Natura, Towarzystwem Opieki nad Zwierz\u0119tami.<\/span><\/span><\/p>\n<p>[\/vc_column_text][\/vc_column][vc_column width=&#8221;1\/2&#8243;][vc_column_text css_animation=&#8221;appear&#8221; css=&#8221;.vc_custom_1726841634810{margin-bottom: -5px !important;}&#8221;]<\/p>\n<p style=\"text-align: center\"><strong><span style=\"text-align: center;color: #003300\"><span style=\"font-size: 42pt;font-family: 'Amatic SC', geneva, sans-serif\">ADAPTACJA<\/span><\/span><\/strong><\/p>\n<p>[\/vc_column_text][vc_column_text css=&#8221;.vc_custom_1726841680067{border-top-width: 5px !important;border-right-width: 5px !important;border-bottom-width: 5px !important;border-left-width: 5px !important;padding-top: 40px !important;padding-right: 40px !important;padding-bottom: 40px !important;padding-left: 40px !important;border-left-style: dotted !important;border-right-style: dotted !important;border-top-style: dotted !important;border-bottom-style: dotted !important;border-color: #e0e0e0 !important;}&#8221;]<\/p>\n<p style=\"text-align: center\"><span style=\"font-family: georgia, palatino, serif;font-size: 14pt;color: #000000\">Od roku 2003 realizujemy <em>Program adaptacyjny<\/em>, s\u0142u\u017c\u0105cy lepszej aklimatyzacji zar\u00f3wno dzieci jak ich rodzic\u00f3w do warunk\u00f3w przedszkolnych. Staramy si\u0119 zapewni\u0107 rodzinie ciep\u0142\u0105, przyjazn\u0105 atmosfer\u0119, poczucie bezpiecze\u0144stwa i troski o dobro dziecka.\u00a0<\/span><\/p>\n<p>[\/vc_column_text][vc_column_text css_animation=&#8221;appear&#8221; css=&#8221;&#8221;]<\/p>\n<p>&nbsp;<\/p>\n<p>&nbsp;<\/p>\n<p>&nbsp;<\/p>\n<p style=\"text-align: center\"><span style=\"text-align: center;color: #003300\"><span style=\"font-size: 36pt;font-family: 'Amatic SC', geneva, sans-serif;padding-top: 0px;line-height: 90%\">zapraszamy na wirtualny spacer po przedszkolu<\/span><span style=\"font-size: 26pt;font-family: 'Amatic SC', geneva, sans-serif;padding-top: 0px\"> \ud83d\ude42<\/span><\/span><\/p>\n<p>[\/vc_column_text][\/vc_column][\/vc_row][vc_row][vc_column][vc_video link=&#8221;https:\/\/www.youtube.com\/watch?v=aUJnSIMukUU&#8221; align=&#8221;center&#8221;][\/vc_column][\/vc_row]<\/p>\n<\/div>","protected":false},"excerpt":{"rendered":"<p>[vc_row][vc_column][vc_single_image image=&#8221;2094&#8243; img_size=&#8221;900&#215;506&#8243; alignment=&#8221;center&#8221; onclick=&#8221;img_link_large&#8221; img_link_target=&#8221;_blank&#8221;][vc_column_text css_animation=&#8221;appear&#8221; css=&#8221;.vc_custom_1726840236608{margin-bottom: -5px !important;}&#8221;] KADRA [\/vc_column_text][\/vc_column][\/vc_row][vc_row][vc_column width=&#8221;1\/3&#8243;][vc_column_text css=&#8221;.vc_custom_1726840602158{border-top-width: 5px !important;border-right-width: 5px !important;border-bottom-width: 5px !important;border-left-width: 5px !important;padding-top: 40px !important;padding-right: 40px !important;padding-bottom: 40px !important;padding-left: 40px !important;border-left-style: [&hellip;]<\/p>\n","protected":false},"author":72,"featured_media":0,"parent":0,"menu_order":0,"comment_status":"closed","ping_status":"closed","template":"","meta":{"ngg_post_thumbnail":0,"footnotes":""},"class_list":["post-21","page","type-page","status-publish","hentry","clearfix"],"_links":{"self":[{"href":"https:\/\/przedszkole54.edu.wroclaw.pl\/index.php\/wp-json\/wp\/v2\/pages\/21","targetHints":{"allow":["GET"]}}],"collection":[{"href":"https:\/\/przedszkole54.edu.wroclaw.pl\/index.php\/wp-json\/wp\/v2\/pages"}],"about":[{"href":"https:\/\/przedszkole54.edu.wroclaw.pl\/index.php\/wp-json\/wp\/v2\/types\/page"}],"author":[{"embeddable":true,"href":"https:\/\/przedszkole54.edu.wroclaw.pl\/index.php\/wp-json\/wp\/v2\/users\/72"}],"replies":[{"embeddable":true,"href":"https:\/\/przedszkole54.edu.wroclaw.pl\/index.php\/wp-json\/wp\/v2\/comments?post=21"}],"version-history":[{"count":221,"href":"https:\/\/przedszkole54.edu.wroclaw.pl\/index.php\/wp-json\/wp\/v2\/pages\/21\/revisions"}],"predecessor-version":[{"id":8619,"href":"https:\/\/przedszkole54.edu.wroclaw.pl\/index.php\/wp-json\/wp\/v2\/pages\/21\/revisions\/8619"}],"wp:attachment":[{"href":"https:\/\/przedszkole54.edu.wroclaw.pl\/index.php\/wp-json\/wp\/v2\/media?parent=21"}],"curies":[{"name":"wp","href":"https:\/\/api.w.org\/{rel}","templated":true}]}}